{"id":10723,"date":"2021-08-27T12:59:13","date_gmt":"2021-08-27T11:59:13","guid":{"rendered":"https:\/\/www.enrouteprovence.fr\/hiking-walking-tours-provence-france\/?page_id=10723"},"modified":"2023-05-03T11:26:29","modified_gmt":"2023-05-03T10:26:29","slug":"conditions-generales-de-vente","status":"publish","type":"page","link":"https:\/\/www.enrouteprovence.fr\/hiking-walking-tours-provence-france\/fr\/conditions-generales-de-vente","title":{"rendered":"Nos Conditions G\u00e9n\u00e9rales de Vente"},"content":{"rendered":"<section id=\"builder-section-banner_28\" class=\"builder-section-first builder-section builder-section-banner builder-section-next-banner has-background builder-section-full-width\" style=\"background-color:#3070d1;background-size: cover; background-repeat: no-repeat;background-position: center center;\">\n<div class=\"builder-section-content\">\n<div class=\"builder-banner-slide content-position-none\" style=\"\">\n<div class=\"builder-banner-content\">\n<div class=\"builder-banner-inner-content\">\n<h2 style=\"text-align: center;\"><span style=\"color: #ffffff;\">Nos Conditions de G\u00e9n\u00e9rales de Vente<br \/>(15 articles)<br \/><\/span><\/h2>\n<p>\u00a0<\/p>\n<\/p><\/div>\n<\/p><\/div>\n<\/p><\/div>\n<\/p><\/div>\n<\/section>\n<section id=\"builder-section-banner_42\" class=\"builder-section-prev-banner builder-section builder-section-banner builder-section-next-banner builder-section-full-width\" style=\"background-size: cover; background-repeat: no-repeat;background-position: center center;\">\n<div class=\"builder-section-content\">\n<div class=\"builder-banner-slide content-position-none\" style=\"\">\n<div class=\"builder-banner-content\">\n<div class=\"builder-banner-inner-content\">\n<h1 style=\"text-align: center;\"><span style=\"color: #1b3dc4;\"><strong>Nos Conditions G\u00e9n\u00e9rales de Vente<\/strong><\/span><\/h1>\n<p>\u00a0<\/p>\n<p>\u00a0<\/p>\n<p>\u00a0<\/p>\n<p>\u00a0<\/p>\n<p>\u00a0<\/p>\n<p>\u00a0<\/p>\n<p>\u00a0<\/p>\n<p>\u00a0<\/p>\n<p><span style=\"color: #000000;\"><strong>Conditions G\u00e9n\u00e9rales de Vente<\/strong><\/span><\/p>\n<p><span style=\"color: #000000;\"><strong>Article 1 :\u00a0<\/strong>Ces conditions g\u00e9n\u00e9rales de vente s\u2019appliquent pour tout achat de service\u00a0\u00e0 <strong>l\u2019Accompagnateur en Montagne Jean-Bernard Letemple<\/strong>, r\u00e9servation de prestations et encadrement d\u2019activit\u00e9s sportives organis\u00e9es ou revendues par\u00a0<strong>l\u2019Accompagnateur en Montagne Jean-Bernard Letemple\u00a0<\/strong>par un usager m\u00eame gratuit ou client\u00a0<strong>de l\u2019Accompagnateur en Montagne Jean-Bernard Letemple<\/strong>. Pour les personnes mineures ou faisant partie d\u2019un groupe contractant avec\u00a0<strong>l\u2019Accompagnateur en Montagne Jean-Bernard Letemple<\/strong>, le responsable l\u00e9gale de la personne mineure ou le responsable du groupe se porte garant sur l\u2019ensemble des clauses de ces conditions g\u00e9n\u00e9rales de vente.<\/span><\/p>\n<p><span style=\"color: #000000;\"><strong>Article 2 :\u00a0<\/strong><em>Achat, dur\u00e9e validit\u00e9<\/em><\/span><\/p>\n<p><span style=\"color: #000000;\"><strong>2 -1<\/strong>\u00a0L\u2019achat d\u2019un service peut se faire lors d\u2019une rencontre, par t\u00e9l\u00e9phone, courrier ou e-mail. Sa premi\u00e8re utilisation implique son achat entier, l\u2019acception de son prix et la renonciation \u00e0 son droit de r\u00e9tractation au sens de l\u2019article L221-28 du code de la Consommation, si ce service a \u00e9t\u00e9 achet\u00e9 en ligne.<\/span><\/p>\n<p><span style=\"color: #000000;\"><strong>2-2<\/strong>\u00a0Un service n\u2019est valable qu\u2019\u00e0 la date convenue entre l\u2019acheteur et\u00a0<strong>l\u2019Accompagnateur en Montagne Jean-Bernard Letemple<\/strong>. Au-del\u00e0 de cette p\u00e9riode, il devient nul sans donner droit \u00e0 une compensation ou un avoir.<\/span><\/p>\n<p><span style=\"color: #000000;\"><strong>Article 3<\/strong>\u00a0\u2013\u00a0<em>Conclusion des contrats<\/em><\/span><\/p>\n<p><span style=\"color: #000000;\"><strong>3-1<\/strong>\u00a0les contrats de r\u00e9servation ou d\u2019engagement pour une prestation deviennent effectifs \u00e0 la r\u00e9ception par\u00a0<strong>l\u2019Accompagnateur en Montagne Jean-Bernard Letemple<\/strong>\u00a0du montant total de la prestation, d\u2019un acompte sp\u00e9cifique sp\u00e9cifi\u00e9\u00a0par\u00a0<strong>l\u2019Accompagnateur en Montagne Jean-Bernard Letemple<\/strong>\u00a0ou \u00e0 d\u00e9faut d\u2019\u00eatre pr\u00e9cis\u00e9 sur le contrat de 50% du prix TTC. Le client doit conserver un exemplaire du contrat. Pour les collectivit\u00e9s, l\u2019engagement est valid\u00e9 \u00e0 r\u00e9ception d\u2019un bon administratif valid\u00e9 par la direction du service concern\u00e9. L\u2019engagement du client l\u2019est pour la dur\u00e9e enti\u00e8re et la quantit\u00e9 sp\u00e9cifi\u00e9e pour le produit ou sur le contrat.<\/span><\/p>\n<p><span style=\"color: #000000;\"><strong>3-2<\/strong>\u00a0Pour les contrats ou les documents de renseignement incluant une acception \u00e9crite, la signature peut se faire de mani\u00e8re \u00e9lectronique.<\/span><\/p>\n<p><span style=\"color: #000000;\"><strong>TITRE 1\u00a0: Organisation des prestations encadr\u00e9es ou priv\u00e9es<\/strong><\/span><\/p>\n<p><span style=\"color: #000000;\"><strong>Article 4<\/strong>\u00a0\u2013\u00a0<em>Arriv\u00e9e<\/em>\u00a0: Le client doit se pr\u00e9senter le jour pr\u00e9cis et aux heures mentionn\u00e9es sur le contrat de r\u00e9servation. En cas d\u2019arriv\u00e9e tardive ou diff\u00e9r\u00e9e de plus de 15 minutes,\u00a0<strong>l\u2019Accompagnateur en Montagne Jean-Bernard Letemple\u00a0<\/strong>pourra consid\u00e9rer le retard comme une non-pr\u00e9sentation. L\u2019arriv\u00e9e en retard \u00e0 l\u2019activit\u00e9 pourra engendrer un d\u00e9calage de la fin de l\u2019activit\u00e9 sans que ce d\u00e9calage ou cette prolongation d\u2019activit\u00e9 ne soit une obligation pour\u00a0<strong>l\u2019Accompagnateur en Montagne Jean-Bernard Letemple<\/strong>\u00a0qui pourra simplement r\u00e9aliser une activit\u00e9 \u00e9court\u00e9e si cela est possible ou m\u00eame annuler sans compensation l\u2019activit\u00e9 si celle-ci n\u2019est plus possible dans le temps restant.<\/span><\/p>\n<p><span style=\"color: #000000;\"><strong>Article 5<\/strong>\u00a0<em>\u2013 Modulation du prix<\/em>\u00a0: Si le nombre de participants est sup\u00e9rieur \u00e0 celui de l\u2019engagement accept\u00e9 par\u00a0<strong>l\u2019Accompagnateur en Montagne Jean-Bernard Letemple<\/strong>, alors ce dernier est en droit de ne pas accepter les personnes suppl\u00e9mentaires pour des raisons de s\u00e9curit\u00e9 ou de disponibilit\u00e9 de mat\u00e9riel ou d\u2019encadrement, ou de facturer un suppl\u00e9ment.<\/span><br \/><span style=\"color: #000000;\">Si le nombre de participants est inf\u00e9rieur \u00e0 celui de la r\u00e9servation,\u00a0<strong>l\u2019Accompagnateur en Montagne Jean-Bernard Letemple<\/strong>\u00a0pourra facturer la totalit\u00e9 des inscrits sans moduler le prix \u00e0 la baisse.<\/span><br \/><span style=\"color: #000000;\">Dans tous les cas, le client devra en informer\u00a0<strong>l\u2019Accompagnateur en Montagne Jean-Bernard Letemple<\/strong>\u00a0au moins 72h avant la prestation.<\/span><\/p>\n<p><span style=\"color: #000000;\"><strong>Article 6 \u2013<\/strong>\u00a0<em>Transport sur les lieux d\u2019activit\u00e9<\/em>\u00a0:\u00a0<strong>l\u2019Accompagnateur en Montagne Jean-Bernard Letemple<\/strong>\u00a0ne fournit aucun service de transport sur les lieux des activit\u00e9s et les participants doivent pouvoir se rendre directement sur le lieu indiqu\u00e9 par\u00a0<strong>l\u2019Accompagnateur en Montagne Jean-Bernard Letemple<\/strong>\u00a0par leurs propres moyens. Par exception,<strong>\u00a0l\u2019Accompagnateur en Montagne Jean-Bernard Letemple<\/strong>,<strong>\u00a0<\/strong>l\u2019un de ses coll\u00e8gues ou un autre participant peut transporter dans son propre v\u00e9hicule des participants pour se rendre sur le lieu d\u2019activit\u00e9. Le client reconnait qu\u2019il s\u2019agit d\u2019une prestation gracieuse ne faisant pas partie de la prestation\u00a0de<strong>\u00a0l\u2019Accompagnateur en Montagne Jean-Bernard Letemple\u00a0<\/strong>et qu\u2019il accepte sous sa propre responsabilit\u00e9.<\/span><\/p>\n<p><span style=\"color: #000000;\"><strong>Article 7<\/strong>\u00a0\u2013\u00a0<em>Annulation<\/em><\/span><\/p>\n<p><span style=\"color: #000000;\"><strong>7-1<\/strong> Annulation par le client : Toute annulation doit \u00eatre notifi\u00e9e par lettre recommand\u00e9e ou email avec accus\u00e9 de r\u00e9ception au gestionnaire au moins 72 heures avant le d\u00e9but de la prestation. Si l&rsquo;annulation intervient au moins 21 jours avant le d\u00e9but de la prestation, la totalit\u00e9 de l\u2019acompte, dont seront d\u00e9duits 10% de frais administratifs, sera rembours\u00e9e par <strong>l\u2019Accompagnateur en Montagne Jean-Bernard Letemple<\/strong>. Si l&rsquo;annulation intervient entre 20 et 7 jours avant le d\u00e9but de la prestation, l&rsquo;acompte sera conserv\u00e9 \u00e0 hauteur de 50% de la totalit\u00e9 du prix de la prestation par <strong>l\u2019Accompagnateur en Montagne Jean-Bernard Letemple<\/strong>; ce montant pourra constitu\u00e9 pour le client un cr\u00e9dit pour l&rsquo;achat d&rsquo;une prestation ult\u00e9rieure. Si l\u2019annulation intervient moins de 7 jours avant le d\u00e9but de l\u2019activit\u00e9, <strong>l\u2019Accompagnateur en Montagne Jean-Bernard Letemple<\/strong> pourra conserver la totalit\u00e9 de l&rsquo;acompte, soit 50% du prix de la prestation, et pourra r\u00e9clamer le solde du prix de la prestation. En cas de non-pr\u00e9sentation \u00e0 la date et l\u2019heure pr\u00e9vue pour l\u2019activit\u00e9 programm\u00e9e, l\u2019acompte restera acquis \u00e0 <strong>l\u2019Accompagnateur en Montagne Jean-Bernard Letemple\u00a0<\/strong>\u00a0et celui-ci demandera le solde du prix de la prestation. \u00a0Aucun remboursement partiel ou total ne sera effectu\u00e9 en cas d\u2019activit\u00e9 \u00e9court\u00e9e par le client.<\/span><\/p>\n<p><span style=\"color: #000000;\"><strong>7-2<\/strong>\u00a0Annulation \u00e0 l\u2019initiative de\u00a0<strong>l\u2019Accompagnateur en Montagne Jean-Bernard Letemple<\/strong>\u00a0: Si\u00a0<strong>l\u2019Accompagnateur en Montagne Jean-Bernard Letemple<\/strong>\u00a0se trouve contraint de suspendre un service ou d\u2019annuler une prestation, il en informe le client par lettre ou par email au plus t\u00f4t. Le client re\u00e7oit alors un avoir limit\u00e9 dans le temps \u00e0 utiliser sur un service ou une prestation similaire de\u00a0<strong>l\u2019Accompagnateur en Montagne Jean-Bernard Letemple<\/strong>. Par d\u00e9rogation et pour les activit\u00e9s ponctuelles, le client peut \u00eatre rembours\u00e9 des sommes vers\u00e9es.<\/span><\/p>\n<p><span style=\"color: #000000;\"><strong>7-3<\/strong>\u00a0Un abonnement ou un contrat est r\u00e9sili\u00e9 de plein droit par\u00a0<strong>l\u2019Accompagnateur en Montagne Jean-Bernard Letemple<\/strong>\u00a0en cas de non r\u00e8glement de la totalit\u00e9 de l\u2019abonnement ou du contrat, en cas de fraude dans l\u2019utilisation d\u2019un titre d\u2019acc\u00e8s, en cas de fraude dans la constitution d\u2019un dossier d\u2019abonnement, fausse d\u00e9clarations, falsification de pi\u00e8ces, ou en cas de d\u00e9faut de paiement m\u00eame partiel.<\/span><\/p>\n<p>\u00a0<\/p>\n<p>\u00a0<\/p>\n<p>\u00a0<\/p>\n<p>\u00a0<\/p>\n<p>\u00a0<\/p>\n<p>\u00a0<\/p>\n<p>\u00a0<\/p>\n<p>\u00a0<\/p>\n<\/p><\/div>\n<\/p><\/div>\n<\/p><\/div>\n<\/p><\/div>\n<\/section>\n<section id=\"builder-section-banner_85\" class=\"builder-section-prev-banner builder-section builder-section-banner builder-section-next-banner\" style=\"background-size: cover; background-repeat: no-repeat;background-position: center center;\">\n<div class=\"builder-section-content\">\n<div class=\"builder-banner-slide content-position-none\" style=\"\">\n<div class=\"builder-banner-content\">\n<div class=\"builder-banner-inner-content\">\n<h1 style=\"text-align: center;\"><strong><span style=\"color: #000080;\">Nos Conditions G\u00e9n\u00e9rales de Vente (suite)<\/span><br \/><\/strong><\/h1>\n<p>\u00a0<\/p>\n<p>\u00a0<\/p>\n<p>\u00a0<\/p>\n<p>\u00a0<\/p>\n<p>\u00a0<\/p>\n<p>\u00a0<\/p>\n<p>\u00a0<\/p>\n<p>\u00a0<\/p>\n<p class=\"western\" align=\"left\"><b><span style=\"color: #000000;\">TITRE 2 : Pratique d\u2019une activit\u00e9 encadr\u00e9e r\u00e9serv\u00e9e l\u2019Accompagnateur en Montagne Jean-Bernard Letemple ou l\u2019un de ses partenaires<\/span><\/b><\/p>\n<p class=\"western\" align=\"left\"><b><span style=\"color: #000000;\">Article 8<\/span><\/b><span style=\"color: #000000;\">\u00a0\u2013\u00a0<\/span><em><span style=\"color: #000000;\">Acc\u00e8s \u00e0 l\u2019activit\u00e9<\/span><\/em><\/p>\n<p class=\"western\" align=\"left\"><b><span style=\"color: #000000;\">8-1<\/span><\/b><span style=\"color: #000000;\">\u00a0La pratique des activit\u00e9s de plein air avec\u00a0<\/span><b><span style=\"color: #000000;\">l\u2019Accompagnateur en Montagne Jean-Bernard Letemple<\/span><\/b><span style=\"color: #000000;\">\u00a0se fait aux horaires indiqu\u00e9s sur le ticket de r\u00e9servation. Les \u00e9ventuelles modifications sont port\u00e9es \u00e0 la connaissance des clients (d\u00e9calage pour raison m\u00e9t\u00e9orologique, fermeture d\u2019un massif \u2026, etc ) par email ou par SMS ou par communication t\u00e9l\u00e9phonique.<\/span><\/p>\n<p class=\"western\" align=\"left\"><b><span style=\"color: #000000;\">8-2\u00a0<\/span><\/b><span style=\"color: #000000;\">La pratique libre des activit\u00e9s de plein air avec\u00a0<\/span><b><span style=\"color: #000000;\">l\u2019Accompagnateur en Montagne Jean-Bernard Letemple<\/span><\/b><span style=\"color: #000000;\">\u00a0est possible \u00e0 partir de 6 ans. Les enfants de 15 ans et moins doivent obligatoirement \u00eatre accompagn\u00e9s d\u2019une personne majeure.<\/span><br \/><span style=\"color: #000000;\">Les enfants \u00e0 partir de 16 ans peuvent venir pratiquer une activit\u00e9 avec l\u2019accord des parents par la signature des pr\u00e9sentes conditions lors de la r\u00e9servation d\u2019un responsable l\u00e9gal.<\/span><\/p>\n<p class=\"western\" align=\"left\"><b><span style=\"color: #000000;\">8-3<\/span><\/b><span style=\"color: #000000;\">\u00a0Une tenue et une attitude correcte sont exig\u00e9es.<\/span><br \/><span style=\"color: #000000;\">[mesure Covid-19] Le port du tee-shirt est obligatoire.<\/span><br \/><span style=\"color: #000000;\">[mesure Covid-19] Le lavage des mains avant chaque activit\u00e9 est obligatoire.<\/span><br \/><span style=\"color: #000000;\">[mesure Covid-19] Les clients s\u2019engagent \u00e0 respecter les r\u00e8gles de distanciation physique. Si la s\u00e9curit\u00e9 sur une activit\u00e9 n\u00e9cessite un rapprochement, alors les clients s\u2019engagent \u00e0 porter un masque de protection.<\/span><\/p>\n<p class=\"western\" align=\"left\"><b><span style=\"color: #000000;\">8-3<\/span><\/b><span style=\"color: #000000;\">\u00a0En acceptant les conditions g\u00e9n\u00e9rales de vente, le client reconnait avoir \u00e9t\u00e9 inform\u00e9 sur les questions de s\u00e9curit\u00e9 et les risques li\u00e9s \u00e0 la pratique des activit\u00e9s de randonn\u00e9e \u00e0 pied et \u00e0 raquettes, d\u2019orientation et des autres activit\u00e9s p\u00e9destres, agir sous sa propre responsabilit\u00e9 et s\u2019engage \u00e0 respecter toutes les r\u00e8gles de s\u00e9curit\u00e9. S\u2019il convie ou r\u00e9serve pour d\u2019autres pratiquants, il se porte garant pour le groupe.<\/span><\/p>\n<p class=\"western\" align=\"left\"><b><span style=\"color: #000000;\">8-5<\/span><\/b><span style=\"color: #000000;\">\u00a0Le client reconna\u00eet \u00e0\u00a0<\/span><b><span style=\"color: #000000;\">l\u2019Accompagnateur en Montagne Jean-Bernard Letemple<\/span><\/b><span style=\"color: #000000;\">, le droit d\u2019exclure de l\u2019activit\u00e9 toute personne ne suivant pas les r\u00e8gles de s\u00e9curit\u00e9 ou par extension, dont l\u2019attitude, le comportement ou la tenue seraient contraires aux bonnes m\u0153urs, ou notoirement g\u00eanants pour les autres clients, ou non\u00ad conformes au pr\u00e9sent contrat.<\/span><\/p>\n<p class=\"western\" align=\"left\"><b><span style=\"color: #000000;\">TITRE 3 : inscriptions aux activit\u00e9s<\/span><\/b><\/p>\n<p class=\"western\" align=\"left\"><b><span style=\"color: #000000;\">Article 9<\/span><\/b><span style=\"color: #000000;\">\u00a0\u2013\u00a0<\/span><em><span style=\"color: #000000;\">Engagement, prix<\/span><\/em><\/p>\n<p class=\"western\" align=\"left\"><b><span style=\"color: #000000;\">9-1<\/span><\/b><span style=\"color: #000000;\">\u00a0L\u2019engagement d\u2019une activit\u00e9 avec encadrement, l\u2019est pour la dur\u00e9e enti\u00e8re de l\u2019activit\u00e9, ou de la s\u00e9rie d\u2019activit\u00e9 contractualis\u00e9es.<\/span><\/p>\n<p class=\"western\" align=\"left\"><b><span style=\"color: #000000;\">9-2<\/span><\/b><span style=\"color: #000000;\">\u00a0Le prix inclut l\u2019encadrement par un Accompagnateur en montagne dipl\u00f4m\u00e9 et l\u2019assurance en responsabilit\u00e9 civile de ce dernier. La dur\u00e9e de l\u2019activit\u00e9 est approximative et peut varier selon le niveau des participants ou les conditions m\u00e9t\u00e9orologiques.\u00a0<\/span><b><span style=\"color: #000000;\">L\u2019Accompagnateur en Montagne Jean-Bernard Letemple<\/span><\/b><span style=\"color: #000000;\">\u00a0<\/span><b><span style=\"color: #000000;\">\u00a0<\/span><\/b><span style=\"color: #000000;\">ne peut \u00eatre tenu responsable par le client en cas de r\u00e9duction ou de rallongement de la dur\u00e9e d\u2019une activit\u00e9.<\/span><\/p>\n<p class=\"western\" align=\"left\"><b><span style=\"color: #000000;\">Article 10<\/span><\/b><span style=\"color: #000000;\">\u00a0\u2013\u00a0<\/span><em><span style=\"color: #000000;\">Remboursement, avoirs<\/span><\/em><\/p>\n<p class=\"western\" align=\"left\"><b><span style=\"color: #000000;\">10-1<\/span><\/b><span style=\"color: #000000;\">\u00a0Aucun remboursement n\u2019est possible si le client interrompt sa participation avant l\u2019\u00e9ch\u00e9ance ou de(s) activit\u00e9(s) contractualis\u00e9(e)(s).<\/span><\/p>\n<p class=\"western\" align=\"left\"><b><span style=\"color: #000000;\">10-2<\/span><\/b><span style=\"color: #000000;\">\u00a0Par exception si le client doit interrompre sa participation pour un cas de force majeur reconnu par<\/span><b><span style=\"color: #000000;\">\u00a0l\u2019Accompagnateur en Montagne Jean-Bernard Letemple<\/span><\/b><span style=\"color: #000000;\">, (incluant la raison m\u00e9dicale ou la mutation professionnelle), le client peut faire une demande \u00e9crite de r\u00e9siliation en utilisant un formulaire sp\u00e9cifique, accompagn\u00e9 d\u2019un justificatif officiel et peut recevoir un avoir \u00e0 utiliser aupr\u00e8s de\u00a0<\/span><b><span style=\"color: #000000;\">l\u2019Accompagnateur en Montagne Jean-Bernard Letemple<\/span><\/b><span style=\"color: #000000;\">\u00a0pour un service similaire. Cet avoir est calcul\u00e9 sur la base du prix de l\u2019activit\u00e9 contractualis\u00e9e au moment de l\u2019achat.<\/span><\/p>\n<p class=\"western\" align=\"left\"><b><span style=\"color: #000000;\">TITRE 4 : M\u00e9diation de la consommation pour le r\u00e8glement amiable des litiges avec les clients particuliers non professionnels<\/span><\/b><\/p>\n<p class=\"western\" align=\"left\"><b><span style=\"color: #000000;\">Article 11 \u2013<\/span><\/b><span style=\"color: #000000;\">\u00a0<\/span><em><span style=\"color: #000000;\">Adh\u00e9sion chez un m\u00e9diateur de la consommation<\/span><\/em><\/p>\n<p class=\"western\" align=\"left\"><b><span style=\"color: #000000;\">L\u2019Accompagnateur en Montagne Jean-Bernard Letemple\u00a0<\/span><\/b><span style=\"color: #000000;\">est adh\u00e9rent chez le m\u00e9diateur de la consommation MCP M\u00e9diation.<\/span><\/p>\n<p class=\"western\" align=\"left\"><span style=\"color: #000000;\">Site internet : mcpmediation.org<\/span><br \/><span style=\"color: #000000;\">T\u00e9l : 01 40 61 03 33<\/span><\/p>\n<p class=\"western\" align=\"left\"><b><span style=\"color: #000000;\">Article 12 \u2013<\/span><\/b><span style=\"color: #000000;\">\u00a0<\/span><em><span style=\"color: #000000;\">Possibilit\u00e9 de demande de m\u00e9diation de la consommation par le client pour le r\u00e8glement amiable des litiges<\/span><\/em><\/p>\n<p class=\"western\" align=\"left\"><span style=\"color: #000000;\">En cas de litige entre le client particulier non professionnel et\u00a0<\/span><b><span style=\"color: #000000;\">l\u2019Accompagnateur en Montagne Jean-Bernard Letemple<\/span><\/b><span style=\"color: #000000;\">, qui n\u2019a pas pu \u00eatre r\u00e9gl\u00e9 directement entre les deux parties, le client a la possibilit\u00e9 de demander une m\u00e9diation de la consommation au m\u00e9diateur MCP M\u00e9diation.\u00a0<\/span><\/p>\n<p class=\"western\" align=\"left\"><span style=\"color: #000000;\">Conform\u00e9ment aux dispositions des articles L 611-1 et R 612-1 et suivants du Code de la Consommation concernant le r\u00e8glement amiable des litiges : Lorsque le consommateur a adress\u00e9 une r\u00e9clamation \u00e9crite au professionnel et qu\u2019il n\u2019a pas obtenu satisfaction ou de r\u00e9ponse dans un d\u00e9lai de deux mois, il peut soumettre gratuitement sa r\u00e9clamation au m\u00e9diateur de la consommation. Le m\u00e9diateur doit \u00eatre saisi dans le d\u00e9lai maximal d\u2019un an \u00e0 compter de la r\u00e9clamation initiale.<\/span><\/p>\n<p class=\"western\" align=\"left\"><span style=\"color: #000000;\">Le m\u00e9diateur MCP MEDIATION peut \u00eatre saisi directement en ligne \u00e0 l\u2019adresse suivante : www.mcpmediation.org ou par courrier M\u00c9DIATION DE LA CONSOMMATION &amp; PATRIMOINE \u2013 12 Square Desnouettes \u2013 75015 PARIS<\/span><\/p>\n<p align=\"left\">\u00a0<\/p>\n<p align=\"left\">\u00a0<\/p>\n<p align=\"left\">\u00a0<\/p>\n<p align=\"left\">\u00a0<\/p>\n<p align=\"left\">\u00a0<\/p>\n<p align=\"left\">\u00a0<\/p>\n<p align=\"left\">\u00a0<\/p>\n<p align=\"left\">\u00a0<\/p>\n<\/p><\/div>\n<\/p><\/div>\n<\/p><\/div>\n<\/p><\/div>\n<\/section>\n<section id=\"builder-section-banner_72\" class=\"builder-section-prev-banner builder-section builder-section-banner builder-section-last\" style=\"background-size: cover; background-repeat: no-repeat;background-position: center center;\">\n<div class=\"builder-section-content\">\n<div class=\"builder-banner-slide content-position-none\" style=\"\">\n<div class=\"builder-banner-content\">\n<div class=\"builder-banner-inner-content\">\n<h1 style=\"text-align: center;\"><span style=\"color: #000080;\"><strong>Nos Conditions G\u00e9n\u00e9rales de Vente (suite et fin)<\/strong><\/span><\/h1>\n<p align=\"left\">\u00a0<\/p>\n<p align=\"left\">\u00a0<\/p>\n<p align=\"left\">\u00a0<\/p>\n<p align=\"left\">\u00a0<\/p>\n<p align=\"left\">\u00a0<\/p>\n<p align=\"left\">\u00a0<\/p>\n<p align=\"left\">\u00a0<\/p>\n<p align=\"left\">\u00a0<\/p>\n<p class=\"western\" align=\"left\"><b><span style=\"color: #000000;\">TITRE 5 : Assurances, RGPD, droit \u00e0 l\u2019image, surveillance video<\/span><\/b><\/p>\n<p class=\"western\" align=\"left\"><b><span style=\"color: #000000;\">Article 13 \u2013<\/span><\/b><span style=\"color: #000000;\">\u00a0<\/span><em><span style=\"color: #000000;\">Responsabilit\u00e9\/ assurance<\/span><\/em><span style=\"color: #000000;\">\u00a0:<\/span><\/p>\n<p class=\"western\" align=\"left\"><b><span style=\"color: #000000;\">13-1\u00a0<\/span><\/b><span style=\"color: #000000;\">Les garanties au titre des Accidents Corporels ne sont pas incluses dans l\u2019activit\u00e9, il appartient \u00e0 tout public d\u2019examiner sa couverture personnelle, notamment en cas de d\u00e9c\u00e8s ou d\u2019invalidit\u00e9, et de la compl\u00e9ter \u00e0 titre personnel par la souscription d\u2019un contrat aupr\u00e8s de son propre assureur.<\/span><\/p>\n<p class=\"western\" align=\"left\"><b><span style=\"color: #000000;\">13-1 bis<\/span><\/b><span style=\"color: #000000;\">\u00a0[Mesure Covid-19] Dans le cadre de la crise sanitaire du Covid-19,\u00a0<\/span><b><span style=\"color: #000000;\">l\u2019Accompagnateur en Montagne Jean-Bernard Letemple<\/span><\/b><span style=\"color: #000000;\">\u00a0 met en place des mesures particuli\u00e8res et recommande des comportements ad\u00e9quates et en conformit\u00e9 avec les recommandations et r\u00e8gles impos\u00e9es par le gouvernement. Ces r\u00e8gles sont les suivantes:<\/span><\/p>\n<ul>\n<li>\n<p class=\"western\" align=\"left\"><span style=\"color: #000000;\">un client ne peut se pr\u00e9senter sur une activit\u00e9 s\u2019il a l\u2019un des sympt\u00f4mes du Covid 19,<\/span><\/p>\n<\/li>\n<li>\n<p class=\"western\" align=\"left\"><span style=\"color: #000000;\">un client doit se pr\u00e9senter sur une activit\u00e9 avec les mains propres,<\/span><\/p>\n<\/li>\n<li>\n<p class=\"western\" align=\"left\"><span style=\"color: #000000;\">un client doit se pr\u00e9senter sur une activit\u00e9 avec un masque de protection.<\/span><\/p>\n<\/li>\n<\/ul>\n<p class=\"western\" align=\"left\"><span style=\"color: #000000;\">En acceptant les conditions g\u00e9n\u00e9rales de vente, le client<\/span><br \/><span style=\"color: #000000;\">(i) reconna\u00eet la diligence de\u00a0<\/span><b><span style=\"color: #000000;\">l\u2019Accompagnateur en Montagne Jean-Bernard Letemple<\/span><\/b><span style=\"color: #000000;\">\u00a0sur la mise en place de ces mesures,<\/span><br \/><span style=\"color: #000000;\">(ii) s\u2019engage \u00e0 respecter l\u2019ensemble des mesures mises en place par<\/span><b><span style=\"color: #000000;\">\u00a0l\u2019Accompagnateur en Montagne Jean-Bernard Letemple<\/span><\/b><span style=\"color: #000000;\">,<\/span><br \/><span style=\"color: #000000;\">(iii) ainsi que toute autre bonne pratique n\u00e9cessaire \u00e0 la gestion de la crise sanitaire et qui pourrait ne pas \u00eatre d\u00e9crite ou demand\u00e9e explicitement par<\/span><b><span style=\"color: #000000;\">\u00a0l\u2019Accompagnateur en Montagne Jean-Bernard Letemple<\/span><\/b><span style=\"color: #000000;\">.<\/span><br \/><span style=\"color: #000000;\">Le client reconnait qu\u2019il est seul responsable de la mise en oeuvre des bonnes pratiques pour sa propre sant\u00e9 et celle des autres personnes et que<\/span><b><span style=\"color: #000000;\">\u00a0l\u2019Accompagnateur en Montagne Jean-Bernard Letemple<\/span><\/b><span style=\"color: #000000;\">\u00a0ne peut \u00eatre tenu responsable ou poursuivi en justice, si le client venait \u00e0 \u00eatre porteur du Covid-19 ou d\u2019une autre affection similaire, qu\u2019il jugerait avoir contract\u00e9 par le biais de<\/span><b><span style=\"color: #000000;\">\u00a0l\u2019Accompagnateur en Montagne Jean-Bernard Letemple<\/span><\/b><span style=\"color: #000000;\">\u00a0ou de l\u2019un de ses partenaires.<\/span><\/p>\n<p class=\"western\" align=\"left\"><b><span style=\"color: #000000;\">13-2<\/span><\/b><span style=\"color: #000000;\">\u00a0<\/span><b><span style=\"color: #000000;\">L\u2019Accompagnateur en Montagne Jean-Bernard Letemple<\/span><\/b><span style=\"color: #000000;\">\u00a0est assur\u00e9 pour les dommages engageant sa responsabilit\u00e9 civile conform\u00e9ment \u00e0 l\u2019article 321-7 du code du sport. Sa responsabilit\u00e9 ne pourra \u00eatre recherch\u00e9e en cas d\u2019accidents r\u00e9sultant de la non-\u00adobservation des consignes de s\u00e9curit\u00e9 ou de l\u2019utilisation inappropri\u00e9e des moyens et m\u00e9thodes mis(e)s en place pour le d\u00e9roulement de l\u2019activit\u00e9.<\/span><\/p>\n<p class=\"western\" align=\"left\"><b><span style=\"color: #000000;\">13-3<\/span><\/b><span style=\"color: #000000;\">\u00a0Les activit\u00e9s encadr\u00e9es le sont par un Accompagnateur en Montagne dipl\u00f4m\u00e9 et comp\u00e9tent poss\u00e9dant une R.C. Pro. Ces activit\u00e9s sont praticables par la majorit\u00e9 des personnes et ne requi\u00e8rent pas de capacit\u00e9s sportives particuli\u00e8res. Elles peuvent n\u00e9anmoins comporter des risques ou requ\u00e9rir certaines aptitudes physiques. Ces risques et aptitudes sont expliqu\u00e9s en d\u00e9but de s\u00e9ance ou lors de la r\u00e9servation.<\/span><\/p>\n<p class=\"western\" align=\"left\"><b><span style=\"color: #000000;\">13-4<\/span><\/b><span style=\"color: #000000;\">\u00a0<\/span><b><span style=\"color: #000000;\">L\u2019Accompagnateur en Montagne Jean-Bernard Letemple<\/span><\/b><span style=\"color: #000000;\">\u00a0se r\u00e9serve le droit de refuser ou faire arr\u00eater une activit\u00e9 \u00e0 un participant s\u2019il juge ses capacit\u00e9s, son attitude ou son comportement inadapt\u00e9s. Il est en outre de la responsabilit\u00e9 du client de s\u2019assurer que tous les participants dont il a la responsabilit\u00e9 ou engage pour l\u2019activit\u00e9 sont aptes, ne pr\u00e9sentent pas de contre-indications \u00e0 la pratique de ces activit\u00e9s et respectent les consignes de l\u2019accompagnateur en montagne.\u00a0<\/span><b><span style=\"color: #000000;\">L\u2019Accompagnateur en Montagne Jean-Bernard Letemple<\/span><\/b><span style=\"color: #000000;\">\u00a0d\u00e9cline toute responsabilit\u00e9 sur les cons\u00e9quences de comportements inad\u00e9quats, de non respect des consignes ou de capacit\u00e9s insuffisantes non d\u00e9clar\u00e9es.<\/span><\/p>\n<p class=\"western\" align=\"left\"><b><span style=\"color: #000000;\">13-5<\/span><\/b><span style=\"color: #000000;\">\u00a0Dans le cadre des activit\u00e9s et prestations propos\u00e9es par<\/span><b><span style=\"color: #000000;\">\u00a0l\u2019Accompagnateur en Montagne Jean-Bernard Letemple<\/span><\/b><span style=\"color: #000000;\">, le participant (ou son repr\u00e9sentant l\u00e9gal pour un mineur) doit v\u00e9rifier aupr\u00e8s de son assureur qu\u2019il est couvert pour ces activit\u00e9s.<\/span><\/p>\n<p class=\"western\" align=\"left\"><b><span style=\"color: #000000;\">13-6<\/span><\/b><span style=\"color: #000000;\">\u00a0En cas d\u2019accident engageant la responsabilit\u00e9 de l\u2019\u00e9tablissement, le client est tenu d\u2019en faire la d\u00e9claration dans un d\u00e9lai de 48 heures.<\/span><\/p>\n<p class=\"western\" align=\"left\"><b><span style=\"color: #000000;\">Article 14<\/span><\/b><span style=\"color: #000000;\">\u00a0\u2013\u00a0<\/span><em><span style=\"color: #000000;\">Droits \u00e0 l\u2019image<\/span><\/em><span style=\"color: #000000;\">\u00a0: L\u2019acceptation des Conditions G\u00e9n\u00e9rales de Vente par le client vaut, \u00e0 d\u00e9faut d\u2019une information contraire \u00e9crite transmise \u00e0<\/span><b><span style=\"color: #000000;\">\u00a0l\u2019Accompagnateur en Montagne Jean-Bernard Letemple<\/span><\/b><span style=\"color: #000000;\">\u00a0avant diffusion, pour autorisation de reproduction et de repr\u00e9sentation de photographies et de vid\u00e9os prises par\u00a0<\/span><b><span style=\"color: #000000;\">l\u2019Accompagnateur en Montagne Jean-Bernard Letemple<\/span><\/b><span style=\"color: #000000;\">\u00a0pendant les activit\u00e9s, lors de manifestations. En cons\u00e9quence, le client autorise\u00a0<\/span><b><span style=\"color: #000000;\">l\u2019Accompagnateur en Montagne Jean-Bernard Letemple<\/span><\/b><span style=\"color: #000000;\">\u00a0\u00e0 diffuser les images prises pendant son activit\u00e9. Les images pourront \u00eatre utilis\u00e9es directement sous toutes formes et tous supports connus et inconnus \u00e0 ce jour sans aucune limitation de dur\u00e9e (r\u00e9seau social, presse, plaquette, affichage, internet\u2026) pour la promotion des activit\u00e9s<\/span><b><span style=\"color: #000000;\">\u00a0l\u2019Accompagnateur en Montagne Jean-Bernard Letemple<\/span><\/b><span style=\"color: #000000;\">. Le client reconnait \u00eatre enti\u00e8rement rempli de ses droits et ne pourra pr\u00e9tendre \u00e0 aucune r\u00e9mun\u00e9ration pour l\u2019exploitation des droits vis\u00e9s par le pr\u00e9sent paragraphe.<\/span><\/p>\n<p class=\"western\" align=\"left\"><b><span style=\"color: #000000;\">Article 15<\/span><\/b><span style=\"color: #000000;\">\u00a0\u2013\u00a0<\/span><em><span style=\"color: #000000;\">Protection des donn\u00e9es personnelles<\/span><\/em><span style=\"color: #000000;\">\u00a0:<\/span><b><span style=\"color: #000000;\">\u00a0l\u2019Accompagnateur en Montagne Jean-Bernard Letemple\u00a0<\/span><\/b><span style=\"color: #000000;\">respecte la vie priv\u00e9e de ses utilisateurs et clients et s\u2019engage \u00e0 ce que toutes les informations qu\u2019elle recueille soient consid\u00e9r\u00e9es comme des informations confidentielles. La collecte des informations du Client est essentielle \u00e0 la r\u00e9alisation de nos services en mati\u00e8re de r\u00e9servation, de comptabilit\u00e9 et de gestion des abonnements. Les informations personnelles sont conserv\u00e9es pendant la dur\u00e9e l\u00e9gale de conservation et sont destin\u00e9es aux personnes n\u00e9cessaires \u00e0 leur traitement qui travaillent pour le service de\u00a0<\/span><b><span style=\"color: #000000;\">l\u2019Accompagnateur en Montagne Jean-Bernard Letemple<\/span><\/b><span style=\"color: #000000;\">\u00a0ainsi qu\u2019\u00e0 des sous-traitants d\u00e8s lors que le contrat sign\u00e9 entre les sous-traitants et\u00a0<\/span><b><span style=\"color: #000000;\">l\u2019Accompagnateur en Montagne Jean-Bernard Letemple<\/span><\/b><span style=\"color: #000000;\"> fait mention des obligations incombant aux sous-traitants en mati\u00e8re de protection de la s\u00e9curit\u00e9 et de la confidentialit\u00e9 des donn\u00e9es (article 28 du R\u00e8glement europ\u00e9en sur la protection des donn\u00e9es personnelles UE 2016\/679). Aucun transfert des donn\u00e9es n\u2019est r\u00e9alis\u00e9 hors de l\u2019Union europ\u00e9enne. Conform\u00e9ment au R\u00e8glement europ\u00e9en sur la protection des donn\u00e9es personnelles UE 2016\/679 (RGPD), le Client peut exercer son droit d\u2019acc\u00e8s aux donn\u00e9es le concernant, de rectification, d\u2019effacement, demander une limitation du traitement, s\u2019y opposer ou en demander la portabilit\u00e9 en contactant: \u00a0<\/span><span style=\"color: #000080;\"><span lang=\"zxx\"><u><a href=\"mailto:jbletemple@enrouteprovence.com\"><span style=\"color: #000000;\">jbletemple@enrouteprovence.com<\/span><\/a><\/u><\/span><\/span><span style=\"color: #000000;\">. Le Client a \u00e9galement le droit d\u2019introduire une r\u00e9clamation aupr\u00e8s de la CNIL. En acceptant ces Conditions G\u00e9n\u00e9rales de Vente, le Client accepte de communiquer son adresse e-mail, ses coordonn\u00e9es postales et son num\u00e9ro de t\u00e9l\u00e9phone \u00e0\u00a0<\/span><b><span style=\"color: #000000;\">l\u2019Accompagnateur en Montagne Jean-Bernard Letemple<\/span><\/b><span style=\"color: #000000;\">.<\/span><\/p>\n<p align=\"left\">\u00a0<\/p>\n<p align=\"left\">\u00a0<\/p>\n<p align=\"left\">\u00a0<\/p>\n<p align=\"left\">\u00a0<\/p>\n<p align=\"left\">\u00a0<\/p>\n<p align=\"left\">\u00a0<\/p>\n<p align=\"left\">\u00a0<\/p>\n<p align=\"left\">\u00a0<\/p>\n<p align=\"left\">\u00a0<\/p>\n<p align=\"left\">\u00a0<\/p>\n<p align=\"left\">\u00a0<\/p>\n<p align=\"left\">\u00a0<\/p>\n<p align=\"left\">\u00a0<\/p>\n<p class=\"western\" align=\"left\">\u00a0<\/p>\n<\/p><\/div>\n<\/p><\/div>\n<\/p><\/div>\n<\/p><\/div>\n<\/section>\n","protected":false},"excerpt":{"rendered":"<p>Nos Conditions de G\u00e9n\u00e9rales de Vente(15 articles) \u00a0 Nos Conditions G\u00e9n\u00e9rales de Vente \u00a0 \u00a0 \u00a0 \u00a0 \u00a0 \u00a0 \u00a0 \u00a0 Conditions G\u00e9n\u00e9rales de Vente Article 1 :\u00a0Ces conditions g\u00e9n\u00e9rales de vente s\u2019appliquent pour tout achat de service\u00a0\u00e0 l\u2019Accompagnateur en Montagne Jean-Bernard Letemple, r\u00e9servation de prestations et encadrement d\u2019activit\u00e9s sportives organis\u00e9es ou revendues par\u00a0l\u2019Accompagnateur en &hellip;<\/p>\n","protected":false},"author":1,"featured_media":0,"parent":0,"menu_order":0,"comment_status":"closed","ping_status":"closed","template":"template-builder.php","meta":{"footnotes":""},"class_list":["post-10723","page","type-page","status-publish","hentry"],"yoast_head":"<!-- This site is optimized with the Yoast SEO plugin v27.4 - https:\/\/yoast.com\/product\/yoast-seo-wordpress\/ -->\n<title>Nos Conditions G\u00e9n\u00e9rales de Vente | En route Provence<\/title>\n<meta name=\"description\" content=\"Come and discover Provence&#039;s outdoors on foot, escorted by a local walking guide, and get the most of its multiple faces : the pretty Provence towns and villages, from Gordes, Roussillon, St-Tropez, Vence or Bormes les Mimosas to St Remy or Les Baux de Provence, lush vineyards, colorful countryside and bright rugged landscapes like those of the Calanques National Park. Whatever your plan: the best of day trips from Nice or Marseille, a daily walk over one week in the Luberon or just the ascent of Mont Ventoux or Sainte-Victoire, we can provide you our experience and knowledge.\" \/>\n<meta name=\"robots\" content=\"index, follow, max-snippet:-1, max-image-preview:large, max-video-preview:-1\" \/>\n<link rel=\"canonical\" href=\"https:\/\/www.enrouteprovence.fr\/hiking-walking-tours-provence-france\/fr\/conditions-generales-de-vente\" \/>\n<meta property=\"og:locale\" content=\"fr_FR\" \/>\n<meta property=\"og:type\" content=\"article\" \/>\n<meta property=\"og:title\" content=\"Nos Conditions G\u00e9n\u00e9rales de Vente | En route Provence\" \/>\n<meta property=\"og:description\" content=\"Come and discover Provence&#039;s outdoors on foot, escorted by a local walking guide, and get the most of its multiple faces : the pretty Provence towns and villages, from Gordes, Roussillon, St-Tropez, Vence or Bormes les Mimosas to St Remy or Les Baux de Provence, lush vineyards, colorful countryside and bright rugged landscapes like those of the Calanques National Park. Whatever your plan: the best of day trips from Nice or Marseille, a daily walk over one week in the Luberon or just the ascent of Mont Ventoux or Sainte-Victoire, we can provide you our experience and knowledge.\" \/>\n<meta property=\"og:url\" content=\"https:\/\/www.enrouteprovence.fr\/hiking-walking-tours-provence-france\/fr\/conditions-generales-de-vente\" \/>\n<meta property=\"og:site_name\" content=\"En route Provence\" \/>\n<meta property=\"article:modified_time\" content=\"2023-05-03T10:26:29+00:00\" \/>\n<meta name=\"twitter:card\" content=\"summary_large_image\" \/>\n<meta name=\"twitter:label1\" content=\"Dur\u00e9e de lecture estim\u00e9e\" \/>\n\t<meta name=\"twitter:data1\" content=\"12 minutes\" \/>\n<script type=\"application\/ld+json\" class=\"yoast-schema-graph\">{\"@context\":\"https:\\\/\\\/schema.org\",\"@graph\":[{\"@type\":\"WebPage\",\"@id\":\"https:\\\/\\\/www.enrouteprovence.fr\\\/hiking-walking-tours-provence-france\\\/fr\\\/conditions-generales-de-vente\",\"url\":\"https:\\\/\\\/www.enrouteprovence.fr\\\/hiking-walking-tours-provence-france\\\/fr\\\/conditions-generales-de-vente\",\"name\":\"Nos Conditions G\u00e9n\u00e9rales de Vente | En route Provence\",\"isPartOf\":{\"@id\":\"https:\\\/\\\/www.enrouteprovence.fr\\\/hiking-walking-tours-provence-france\\\/#website\"},\"datePublished\":\"2021-08-27T11:59:13+00:00\",\"dateModified\":\"2023-05-03T10:26:29+00:00\",\"description\":\"Come and discover Provence's outdoors on foot, escorted by a local walking guide, and get the most of its multiple faces : the pretty Provence towns and villages, from Gordes, Roussillon, St-Tropez, Vence or Bormes les Mimosas to St Remy or Les Baux de Provence, lush vineyards, colorful countryside and bright rugged landscapes like those of the Calanques National Park. Whatever your plan: the best of day trips from Nice or Marseille, a daily walk over one week in the Luberon or just the ascent of Mont Ventoux or Sainte-Victoire, we can provide you our experience and knowledge.\",\"breadcrumb\":{\"@id\":\"https:\\\/\\\/www.enrouteprovence.fr\\\/hiking-walking-tours-provence-france\\\/fr\\\/conditions-generales-de-vente#breadcrumb\"},\"inLanguage\":\"fr-FR\",\"potentialAction\":[{\"@type\":\"ReadAction\",\"target\":[\"https:\\\/\\\/www.enrouteprovence.fr\\\/hiking-walking-tours-provence-france\\\/fr\\\/conditions-generales-de-vente\"]}]},{\"@type\":\"BreadcrumbList\",\"@id\":\"https:\\\/\\\/www.enrouteprovence.fr\\\/hiking-walking-tours-provence-france\\\/fr\\\/conditions-generales-de-vente#breadcrumb\",\"itemListElement\":[{\"@type\":\"ListItem\",\"position\":1,\"name\":\"Home\",\"item\":\"https:\\\/\\\/www.enrouteprovence.fr\\\/hiking-walking-tours-provence-france\\\/fr\"},{\"@type\":\"ListItem\",\"position\":2,\"name\":\"Nos Conditions G\u00e9n\u00e9rales de Vente\"}]},{\"@type\":\"WebSite\",\"@id\":\"https:\\\/\\\/www.enrouteprovence.fr\\\/hiking-walking-tours-provence-france\\\/#website\",\"url\":\"https:\\\/\\\/www.enrouteprovence.fr\\\/hiking-walking-tours-provence-france\\\/\",\"name\":\"En route Provence\",\"description\":\"Walking Provence with a local guide\",\"publisher\":{\"@id\":\"https:\\\/\\\/www.enrouteprovence.fr\\\/hiking-walking-tours-provence-france\\\/#\\\/schema\\\/person\\\/af05f7bb993f95aa77136a6845e974d1\"},\"potentialAction\":[{\"@type\":\"SearchAction\",\"target\":{\"@type\":\"EntryPoint\",\"urlTemplate\":\"https:\\\/\\\/www.enrouteprovence.fr\\\/hiking-walking-tours-provence-france\\\/?s={search_term_string}\"},\"query-input\":{\"@type\":\"PropertyValueSpecification\",\"valueRequired\":true,\"valueName\":\"search_term_string\"}}],\"inLanguage\":\"fr-FR\"},{\"@type\":[\"Person\",\"Organization\"],\"@id\":\"https:\\\/\\\/www.enrouteprovence.fr\\\/hiking-walking-tours-provence-france\\\/#\\\/schema\\\/person\\\/af05f7bb993f95aa77136a6845e974d1\",\"name\":\"jean-bernard-jb\",\"image\":{\"@type\":\"ImageObject\",\"inLanguage\":\"fr-FR\",\"@id\":\"https:\\\/\\\/secure.gravatar.com\\\/avatar\\\/25948e7e644d7187247bba1791838724eaccec85389611bf578fb1d316dab3d9?s=96&d=mm&r=g\",\"url\":\"https:\\\/\\\/secure.gravatar.com\\\/avatar\\\/25948e7e644d7187247bba1791838724eaccec85389611bf578fb1d316dab3d9?s=96&d=mm&r=g\",\"contentUrl\":\"https:\\\/\\\/secure.gravatar.com\\\/avatar\\\/25948e7e644d7187247bba1791838724eaccec85389611bf578fb1d316dab3d9?s=96&d=mm&r=g\",\"caption\":\"jean-bernard-jb\"},\"logo\":{\"@id\":\"https:\\\/\\\/secure.gravatar.com\\\/avatar\\\/25948e7e644d7187247bba1791838724eaccec85389611bf578fb1d316dab3d9?s=96&d=mm&r=g\"}}]}<\/script>\n<!-- \/ Yoast SEO plugin. -->","yoast_head_json":{"title":"Nos Conditions G\u00e9n\u00e9rales de Vente | En route Provence","description":"Come and discover Provence's outdoors on foot, escorted by a local walking guide, and get the most of its multiple faces : the pretty Provence towns and villages, from Gordes, Roussillon, St-Tropez, Vence or Bormes les Mimosas to St Remy or Les Baux de Provence, lush vineyards, colorful countryside and bright rugged landscapes like those of the Calanques National Park. Whatever your plan: the best of day trips from Nice or Marseille, a daily walk over one week in the Luberon or just the ascent of Mont Ventoux or Sainte-Victoire, we can provide you our experience and knowledge.","robots":{"index":"index","follow":"follow","max-snippet":"max-snippet:-1","max-image-preview":"max-image-preview:large","max-video-preview":"max-video-preview:-1"},"canonical":"https:\/\/www.enrouteprovence.fr\/hiking-walking-tours-provence-france\/fr\/conditions-generales-de-vente","og_locale":"fr_FR","og_type":"article","og_title":"Nos Conditions G\u00e9n\u00e9rales de Vente | En route Provence","og_description":"Come and discover Provence's outdoors on foot, escorted by a local walking guide, and get the most of its multiple faces : the pretty Provence towns and villages, from Gordes, Roussillon, St-Tropez, Vence or Bormes les Mimosas to St Remy or Les Baux de Provence, lush vineyards, colorful countryside and bright rugged landscapes like those of the Calanques National Park. Whatever your plan: the best of day trips from Nice or Marseille, a daily walk over one week in the Luberon or just the ascent of Mont Ventoux or Sainte-Victoire, we can provide you our experience and knowledge.","og_url":"https:\/\/www.enrouteprovence.fr\/hiking-walking-tours-provence-france\/fr\/conditions-generales-de-vente","og_site_name":"En route Provence","article_modified_time":"2023-05-03T10:26:29+00:00","twitter_card":"summary_large_image","twitter_misc":{"Dur\u00e9e de lecture estim\u00e9e":"12 minutes"},"schema":{"@context":"https:\/\/schema.org","@graph":[{"@type":"WebPage","@id":"https:\/\/www.enrouteprovence.fr\/hiking-walking-tours-provence-france\/fr\/conditions-generales-de-vente","url":"https:\/\/www.enrouteprovence.fr\/hiking-walking-tours-provence-france\/fr\/conditions-generales-de-vente","name":"Nos Conditions G\u00e9n\u00e9rales de Vente | En route Provence","isPartOf":{"@id":"https:\/\/www.enrouteprovence.fr\/hiking-walking-tours-provence-france\/#website"},"datePublished":"2021-08-27T11:59:13+00:00","dateModified":"2023-05-03T10:26:29+00:00","description":"Come and discover Provence's outdoors on foot, escorted by a local walking guide, and get the most of its multiple faces : the pretty Provence towns and villages, from Gordes, Roussillon, St-Tropez, Vence or Bormes les Mimosas to St Remy or Les Baux de Provence, lush vineyards, colorful countryside and bright rugged landscapes like those of the Calanques National Park. Whatever your plan: the best of day trips from Nice or Marseille, a daily walk over one week in the Luberon or just the ascent of Mont Ventoux or Sainte-Victoire, we can provide you our experience and knowledge.","breadcrumb":{"@id":"https:\/\/www.enrouteprovence.fr\/hiking-walking-tours-provence-france\/fr\/conditions-generales-de-vente#breadcrumb"},"inLanguage":"fr-FR","potentialAction":[{"@type":"ReadAction","target":["https:\/\/www.enrouteprovence.fr\/hiking-walking-tours-provence-france\/fr\/conditions-generales-de-vente"]}]},{"@type":"BreadcrumbList","@id":"https:\/\/www.enrouteprovence.fr\/hiking-walking-tours-provence-france\/fr\/conditions-generales-de-vente#breadcrumb","itemListElement":[{"@type":"ListItem","position":1,"name":"Home","item":"https:\/\/www.enrouteprovence.fr\/hiking-walking-tours-provence-france\/fr"},{"@type":"ListItem","position":2,"name":"Nos Conditions G\u00e9n\u00e9rales de Vente"}]},{"@type":"WebSite","@id":"https:\/\/www.enrouteprovence.fr\/hiking-walking-tours-provence-france\/#website","url":"https:\/\/www.enrouteprovence.fr\/hiking-walking-tours-provence-france\/","name":"En route Provence","description":"Walking Provence with a local guide","publisher":{"@id":"https:\/\/www.enrouteprovence.fr\/hiking-walking-tours-provence-france\/#\/schema\/person\/af05f7bb993f95aa77136a6845e974d1"},"potentialAction":[{"@type":"SearchAction","target":{"@type":"EntryPoint","urlTemplate":"https:\/\/www.enrouteprovence.fr\/hiking-walking-tours-provence-france\/?s={search_term_string}"},"query-input":{"@type":"PropertyValueSpecification","valueRequired":true,"valueName":"search_term_string"}}],"inLanguage":"fr-FR"},{"@type":["Person","Organization"],"@id":"https:\/\/www.enrouteprovence.fr\/hiking-walking-tours-provence-france\/#\/schema\/person\/af05f7bb993f95aa77136a6845e974d1","name":"jean-bernard-jb","image":{"@type":"ImageObject","inLanguage":"fr-FR","@id":"https:\/\/secure.gravatar.com\/avatar\/25948e7e644d7187247bba1791838724eaccec85389611bf578fb1d316dab3d9?s=96&d=mm&r=g","url":"https:\/\/secure.gravatar.com\/avatar\/25948e7e644d7187247bba1791838724eaccec85389611bf578fb1d316dab3d9?s=96&d=mm&r=g","contentUrl":"https:\/\/secure.gravatar.com\/avatar\/25948e7e644d7187247bba1791838724eaccec85389611bf578fb1d316dab3d9?s=96&d=mm&r=g","caption":"jean-bernard-jb"},"logo":{"@id":"https:\/\/secure.gravatar.com\/avatar\/25948e7e644d7187247bba1791838724eaccec85389611bf578fb1d316dab3d9?s=96&d=mm&r=g"}}]}},"_links":{"self":[{"href":"https:\/\/www.enrouteprovence.fr\/hiking-walking-tours-provence-france\/fr\/wp-json\/wp\/v2\/pages\/10723","targetHints":{"allow":["GET"]}}],"collection":[{"href":"https:\/\/www.enrouteprovence.fr\/hiking-walking-tours-provence-france\/fr\/wp-json\/wp\/v2\/pages"}],"about":[{"href":"https:\/\/www.enrouteprovence.fr\/hiking-walking-tours-provence-france\/fr\/wp-json\/wp\/v2\/types\/page"}],"author":[{"embeddable":true,"href":"https:\/\/www.enrouteprovence.fr\/hiking-walking-tours-provence-france\/fr\/wp-json\/wp\/v2\/users\/1"}],"replies":[{"embeddable":true,"href":"https:\/\/www.enrouteprovence.fr\/hiking-walking-tours-provence-france\/fr\/wp-json\/wp\/v2\/comments?post=10723"}],"version-history":[{"count":41,"href":"https:\/\/www.enrouteprovence.fr\/hiking-walking-tours-provence-france\/fr\/wp-json\/wp\/v2\/pages\/10723\/revisions"}],"predecessor-version":[{"id":15308,"href":"https:\/\/www.enrouteprovence.fr\/hiking-walking-tours-provence-france\/fr\/wp-json\/wp\/v2\/pages\/10723\/revisions\/15308"}],"wp:attachment":[{"href":"https:\/\/www.enrouteprovence.fr\/hiking-walking-tours-provence-france\/fr\/wp-json\/wp\/v2\/media?parent=10723"}],"curies":[{"name":"wp","href":"https:\/\/api.w.org\/{rel}","templated":true}]}}