{"id":367,"date":"2016-02-05T11:26:47","date_gmt":"2016-02-05T10:26:47","guid":{"rendered":"http:\/\/www.enrouteprovence.fr\/?page_id=367"},"modified":"2023-04-02T05:06:36","modified_gmt":"2023-04-02T04:06:36","slug":"les-calanques","status":"publish","type":"page","link":"https:\/\/www.enrouteprovence.fr\/hiking-walking-tours-provence-france\/fr\/regions\/les-calanques","title":{"rendered":"Les Calanques"},"content":{"rendered":"<section id=\"builder-section-1515306407308\" class=\"builder-section-first builder-section builder-section-banner builder-section-next-text\" style=\"background-repeat: repeat;background-position: center center;\">\n<div class=\"builder-section-content\">\n<div class=\"builder-banner-slide content-position-none\" style=\"background-color:#1e73be;\">\n<div class=\"builder-banner-content\">\n<div class=\"builder-banner-inner-content\">\n<h2 style=\"text-align: center;\"><span style=\"color: #ffffff;\">Randonn\u00e9es guid\u00e9es dans le Parc national des Calanques,<br \/><small>un site unique en Europe<\/small><\/span><\/h2>\n<p><span style=\"color: #ffffff;\"><small>\u00a0<\/small><\/span><\/p>\n<\/p><\/div>\n<\/p><\/div>\n<\/p><\/div>\n<\/p><\/div>\n<\/section>\n<section id=\"builder-section-1515306296597\" class=\"builder-section-prev-banner builder-section builder-section-text builder-section-next-text builder-section-full-width builder-text-columns-2\" style=\"background-repeat: repeat;background-position: center center;\">\n<div class=\"builder-section-content\">\n<div class=\"builder-text-row\">\n<div class=\"builder-text-column builder-text-column-1\" id=\"builder-section-1515306296597-column-1\">\n<div class=\"builder-text-content\">\n<p><img data-recalc-dims=\"1\" loading=\"lazy\" decoding=\"async\" class=\"alignnone size-large wp-image-14150\" src=\"https:\/\/i0.wp.com\/www.enrouteprovence.fr\/wp-content\/uploads\/2023\/03\/calanque_Sormiou_flick2.jpg?resize=960%2C819&#038;ssl=1\" alt=\"\" width=\"960\" height=\"819\" srcset=\"https:\/\/i0.wp.com\/www.enrouteprovence.fr\/wp-content\/uploads\/2023\/03\/calanque_Sormiou_flick2.jpg?resize=1024%2C874&amp;ssl=1 1024w, https:\/\/i0.wp.com\/www.enrouteprovence.fr\/wp-content\/uploads\/2023\/03\/calanque_Sormiou_flick2.jpg?resize=300%2C256&amp;ssl=1 300w, https:\/\/i0.wp.com\/www.enrouteprovence.fr\/wp-content\/uploads\/2023\/03\/calanque_Sormiou_flick2.jpg?resize=768%2C655&amp;ssl=1 768w, https:\/\/i0.wp.com\/www.enrouteprovence.fr\/wp-content\/uploads\/2023\/03\/calanque_Sormiou_flick2.jpg?resize=1536%2C1311&amp;ssl=1 1536w, https:\/\/i0.wp.com\/www.enrouteprovence.fr\/wp-content\/uploads\/2023\/03\/calanque_Sormiou_flick2.jpg?resize=24%2C20&amp;ssl=1 24w, https:\/\/i0.wp.com\/www.enrouteprovence.fr\/wp-content\/uploads\/2023\/03\/calanque_Sormiou_flick2.jpg?resize=36%2C31&amp;ssl=1 36w, https:\/\/i0.wp.com\/www.enrouteprovence.fr\/wp-content\/uploads\/2023\/03\/calanque_Sormiou_flick2.jpg?resize=48%2C41&amp;ssl=1 48w, https:\/\/i0.wp.com\/www.enrouteprovence.fr\/wp-content\/uploads\/2023\/03\/calanque_Sormiou_flick2.jpg?w=1596&amp;ssl=1 1596w\" sizes=\"auto, (max-width: 960px) 100vw, 960px\" \/><\/p>\n<\/p><\/div>\n<\/p><\/div>\n<div class=\"builder-text-column builder-text-column-2\" id=\"builder-section-1515306296597-column-2\">\n<div class=\"builder-text-content\">\n<h3>\u00a0<\/h3>\n<h3 style=\"text-align: center;\"><strong>Au-dessus de la Calanque de Sormiou<\/strong><\/h3>\n<p>\u00a0<\/p>\n<p style=\"text-align: justify;\">Ce parcours facile offre de superbes vues sur l&rsquo;une des plus grandes calanques, ces criques encaiss\u00e9es que l&rsquo;on peut admirer sur la c\u00f4te proven\u00e7ale :\u00a0<em>Sormiou<\/em>, un amphith\u00e9\u00e2tre, avec pour gradins les collines et falaises de calcaire blanc, pour sc\u00e8ne la mer et pour orchestre le petit port et les cabanons. D\u00e9marrant depuis un quartier sud de Marseille, vous vous retrouvez, apr\u00e8s 45 minutes de marche, au coeur du <em>Parc national des Calanques<\/em>, admirant les eaux bleu turquoise de la\u00a0<em>Calanque de Sormiou<\/em>, 250 m\u00e8tres plus bas, et les toits rouges de ses cabanons, habit\u00e9s autrefois par les p\u00eacheurs du coin.\u00a0<span style=\"color: #ffffff;\">Guided walking in the calanques guided walking in the calanques<\/span><\/p>\n<p><strong>Dur\u00e9e de marche<\/strong>\u00a0: 2 heures<br \/><strong>Niveau<\/strong>\u00a0: assez facile (sol rocheux)<\/p>\n<\/p><\/div>\n<\/p><\/div>\n<\/p><\/div>\n<\/p><\/div>\n<\/section>\n<section id=\"builder-section-1515561361260\" class=\"builder-section-prev-text builder-section builder-section-text builder-section-next-text builder-section-full-width builder-text-columns-2\" style=\"background-repeat: repeat;background-position: center center;\">\n<div class=\"builder-section-content\">\n<div class=\"builder-text-row\">\n<div class=\"builder-text-column builder-text-column-1\" id=\"builder-section-1515561361260-column-1\">\n<div class=\"builder-text-content\">\n<h3>\u00a0<\/h3>\n<h3 style=\"text-align: center;\"><strong>A la d\u00e9couverte de l&rsquo;arbousier<br \/>et d&rsquo;autres plantes de fin d&rsquo;ann\u00e9e<\/strong><\/h3>\n<p>\u00a0<\/p>\n<p style=\"text-align: justify;\">Cette promenade botanique au pied du mont Puget sera l&rsquo;occasion de d\u00e9couvrir certaines esp\u00e8ces d&rsquo;arbres et d&rsquo;autres plantes pr\u00e9sentant leurs fleurs ou leurs fruits en fin d&rsquo;ann\u00e9e dans le Parc national des Calanques, en particulier l&rsquo;arbousier, ou arbre aux fraises, dont les clochettes blanches et les fruits rouges d\u00e9corent alors la garrigue. Elle vous offrira \u00e9galement le plaisir d&rsquo;admirer la calanque de Sugiton depuis le haut de la Falaise des Toits,\u00a0 plus de 200 m au-dessus la mer. <span style=\"text-decoration: underline;\">Du 20 octobre au 6 janvier<\/span>.<br \/>Randonn\u00e9e ayant re\u00e7u la <strong>marque \u00ab\u00a0Esprit Parc national\u00a0\u00bb.<\/strong><\/p>\n<p>\u00a0<\/p>\n<p><strong>Dur\u00e9e de marche<\/strong>\u00a0: 2 heures<br \/><strong>Niveau<\/strong>\u00a0: assez facile (sol rocheux)<\/p>\n<\/p><\/div>\n<\/p><\/div>\n<div class=\"builder-text-column builder-text-column-2\" id=\"builder-section-1515561361260-column-2\">\n<div class=\"builder-text-content\">\n<p><img data-recalc-dims=\"1\" loading=\"lazy\" decoding=\"async\" class=\"alignnone size-large wp-image-14185\" src=\"https:\/\/i0.wp.com\/www.enrouteprovence.fr\/wp-content\/uploads\/2023\/03\/arbousier_flick.jpg?resize=960%2C647&#038;ssl=1\" alt=\"\" width=\"960\" height=\"647\" srcset=\"https:\/\/i0.wp.com\/www.enrouteprovence.fr\/wp-content\/uploads\/2023\/03\/arbousier_flick.jpg?resize=1024%2C690&amp;ssl=1 1024w, https:\/\/i0.wp.com\/www.enrouteprovence.fr\/wp-content\/uploads\/2023\/03\/arbousier_flick.jpg?resize=300%2C202&amp;ssl=1 300w, https:\/\/i0.wp.com\/www.enrouteprovence.fr\/wp-content\/uploads\/2023\/03\/arbousier_flick.jpg?resize=768%2C517&amp;ssl=1 768w, https:\/\/i0.wp.com\/www.enrouteprovence.fr\/wp-content\/uploads\/2023\/03\/arbousier_flick.jpg?resize=1536%2C1034&amp;ssl=1 1536w, https:\/\/i0.wp.com\/www.enrouteprovence.fr\/wp-content\/uploads\/2023\/03\/arbousier_flick.jpg?resize=24%2C16&amp;ssl=1 24w, https:\/\/i0.wp.com\/www.enrouteprovence.fr\/wp-content\/uploads\/2023\/03\/arbousier_flick.jpg?resize=36%2C24&amp;ssl=1 36w, https:\/\/i0.wp.com\/www.enrouteprovence.fr\/wp-content\/uploads\/2023\/03\/arbousier_flick.jpg?resize=48%2C32&amp;ssl=1 48w, https:\/\/i0.wp.com\/www.enrouteprovence.fr\/wp-content\/uploads\/2023\/03\/arbousier_flick.jpg?w=1920&amp;ssl=1 1920w\" sizes=\"auto, (max-width: 960px) 100vw, 960px\" \/><\/p>\n<p><img data-recalc-dims=\"1\" loading=\"lazy\" decoding=\"async\" class=\"alignnone size-medium wp-image-2833\" src=\"https:\/\/i0.wp.com\/www.enrouteprovence.fr\/wp-content\/uploads\/2016\/02\/logo-esprit-PNCal_PNCal-300x150.jpg?resize=300%2C150\" alt=\"\" width=\"300\" height=\"150\" \/><\/p>\n<\/p><\/div>\n<\/p><\/div>\n<\/p><\/div>\n<\/p><\/div>\n<\/section>\n<section id=\"builder-section-1515321228831\" class=\"builder-section-prev-text builder-section builder-section-text builder-section-next-text builder-section-full-width builder-text-columns-2\" style=\"background-repeat: repeat;background-position: center center;\">\n<div class=\"builder-section-content\">\n<div class=\"builder-text-row\">\n<div class=\"builder-text-column builder-text-column-1\" id=\"builder-section-1515321228831-column-1\">\n<div class=\"builder-text-content\">\n<p><img data-recalc-dims=\"1\" loading=\"lazy\" decoding=\"async\" class=\"alignnone size-large wp-image-14144\" src=\"https:\/\/i0.wp.com\/www.enrouteprovence.fr\/wp-content\/uploads\/2023\/03\/calanque_port-pin_flick2.jpg?resize=960%2C878&#038;ssl=1\" alt=\"\" width=\"960\" height=\"878\" srcset=\"https:\/\/i0.wp.com\/www.enrouteprovence.fr\/wp-content\/uploads\/2023\/03\/calanque_port-pin_flick2.jpg?resize=1024%2C936&amp;ssl=1 1024w, https:\/\/i0.wp.com\/www.enrouteprovence.fr\/wp-content\/uploads\/2023\/03\/calanque_port-pin_flick2.jpg?resize=300%2C274&amp;ssl=1 300w, https:\/\/i0.wp.com\/www.enrouteprovence.fr\/wp-content\/uploads\/2023\/03\/calanque_port-pin_flick2.jpg?resize=768%2C702&amp;ssl=1 768w, https:\/\/i0.wp.com\/www.enrouteprovence.fr\/wp-content\/uploads\/2023\/03\/calanque_port-pin_flick2.jpg?resize=24%2C22&amp;ssl=1 24w, https:\/\/i0.wp.com\/www.enrouteprovence.fr\/wp-content\/uploads\/2023\/03\/calanque_port-pin_flick2.jpg?resize=36%2C33&amp;ssl=1 36w, https:\/\/i0.wp.com\/www.enrouteprovence.fr\/wp-content\/uploads\/2023\/03\/calanque_port-pin_flick2.jpg?resize=48%2C44&amp;ssl=1 48w, https:\/\/i0.wp.com\/www.enrouteprovence.fr\/wp-content\/uploads\/2023\/03\/calanque_port-pin_flick2.jpg?w=1486&amp;ssl=1 1486w\" sizes=\"auto, (max-width: 960px) 100vw, 960px\" \/><\/p>\n<\/p><\/div>\n<\/p><\/div>\n<div class=\"builder-text-column builder-text-column-2\" id=\"builder-section-1515321228831-column-2\">\n<div class=\"builder-text-content\">\n<h3>\u00a0<\/h3>\n<h3 style=\"text-align: center;\"><strong><small><big>Port-Pin et Port-Miou,<br \/>deux calanques au d\u00e9part de Cassis<\/big><\/small><\/strong><\/h3>\n<p>\u00a0<\/p>\n<p style=\"text-align: justify;\">Ce sentier riche en couleurs et patrimoine permet une approche tranquille des calanques les plus \u00e0 l&rsquo;est : un cocktail id\u00e9al pour d\u00e9couvrir et appr\u00e9cier les particularit\u00e9s du\u00a0<em>Parc national des Calanques<\/em>, tout en profitant de la beaut\u00e9 des paysages du littoral proven\u00e7al. Partis\u00a0du vivant petit port de p\u00eache de\u00a0<em>Cassis<\/em>\u00a0d&rsquo;o\u00f9 vous pourrez admirer les spectaculaires falaises du\u00a0<em>Cap Canaille<\/em>, vous atteindrez une heure plus tard la petite plage de galets de la\u00a0<em>calanque de\u00a0Port-Pin<\/em>, jolie crique rocheuse cern\u00e9e de pins. Au retour, le sentier longe la\u00a0<em>calanque de Port-Miou<\/em>\u00a0et son port naturel.\u00a0\u00a0<\/p>\n<p>\u00a0<\/p>\n<p><strong>Dur\u00e9e de marche\u00a0<\/strong>: 3 heures\u00a0<strong><br \/>Niveau\u00a0<\/strong>: assez facile (sol rocheux)<strong><\/p>\n<p><\/strong><\/p>\n<\/p><\/div>\n<\/p><\/div>\n<\/p><\/div>\n<\/p><\/div>\n<\/section>\n<section id=\"builder-section-1515341477636\" class=\"builder-section-prev-text builder-section builder-section-text builder-section-next-text builder-section-full-width builder-text-columns-2\" style=\"background-repeat: repeat;background-position: center center;\">\n<div class=\"builder-section-content\">\n<div class=\"builder-text-row\">\n<div class=\"builder-text-column builder-text-column-1\" id=\"builder-section-1515341477636-column-1\">\n<div class=\"builder-text-content\">\n<h3>\u00a0<\/h3>\n<h3 style=\"text-align: center;\"><strong><small><big>La calanque de Sugiton,<br \/>un petit joyau si proche, si lointain<\/big><\/small><\/strong><\/h3>\n<p>\u00a0<\/p>\n<p style=\"text-align: justify;\">Cette randonn\u00e9e atteint tout juste 4 heures mais vous aurez sans doute besoin de la journ\u00e9e enti\u00e8re pour en profiter pleinement : une fois pos\u00e9 sur la petite plage de galets ou sur le rocher dominant ses eaux bleu turquoise, qu&rsquo;il est dur de quitter la calanque de Sugiton ! Avant de descendre jusqu&rsquo;\u00e0 la calanque aux deux criques, situ\u00e9e au coeur du Parc national des Calanques, vous pouvez l&rsquo;apercevoir d&rsquo;en haut, depuis les rochers, un point de vue d&rsquo;o\u00f9 le panorama s&rsquo;ouvre sur la baie : quel vue \u00e9poustouflante sur la calanque de Morgiou, de l&rsquo;autre c\u00f4t\u00e9\u00a0!\u00a0 L&rsquo;un des petits tr\u00e9sors de la\u00a0 Provence.<\/p>\n<p>\u00a0<\/p>\n<p><strong>Dur\u00e9e de marche\u00a0<\/strong>: 4 heures\u00a0<strong><br \/>Niveau\u00a0<\/strong>: mod\u00e9r\u00e9 (sol rocheux)<strong><\/p>\n<p><\/strong><\/p>\n<\/p><\/div>\n<\/p><\/div>\n<div class=\"builder-text-column builder-text-column-2\" id=\"builder-section-1515341477636-column-2\">\n<div class=\"builder-text-content\">\n<p><img data-recalc-dims=\"1\" loading=\"lazy\" decoding=\"async\" src=\"https:\/\/i0.wp.com\/www.enrouteprovence.fr\/wp-content\/uploads\/2016\/02\/Juliette-dvt-Sugiton_2.jpg?resize=960%2C720&#038;ssl=1\" width=\"960\" height=\"720\" class=\"alignnone size-full wp-image-2168\" srcset=\"https:\/\/i0.wp.com\/www.enrouteprovence.fr\/wp-content\/uploads\/2016\/02\/Juliette-dvt-Sugiton_2.jpg?w=1306&amp;ssl=1 1306w, https:\/\/i0.wp.com\/www.enrouteprovence.fr\/wp-content\/uploads\/2016\/02\/Juliette-dvt-Sugiton_2.jpg?resize=300%2C225&amp;ssl=1 300w, https:\/\/i0.wp.com\/www.enrouteprovence.fr\/wp-content\/uploads\/2016\/02\/Juliette-dvt-Sugiton_2.jpg?resize=768%2C576&amp;ssl=1 768w, https:\/\/i0.wp.com\/www.enrouteprovence.fr\/wp-content\/uploads\/2016\/02\/Juliette-dvt-Sugiton_2.jpg?resize=1024%2C768&amp;ssl=1 1024w\" sizes=\"auto, (max-width: 960px) 100vw, 960px\" \/><\/p>\n<\/p><\/div>\n<\/p><\/div>\n<\/p><\/div>\n<\/p><\/div>\n<\/section>\n<section id=\"builder-section-1515403189692\" class=\"builder-section-prev-text builder-section builder-section-text builder-section-next-text builder-section-full-width builder-text-columns-2\" style=\"background-repeat: repeat;background-position: center center;\">\n<div class=\"builder-section-content\">\n<div class=\"builder-text-row\">\n<div class=\"builder-text-column builder-text-column-1\" id=\"builder-section-1515403189692-column-1\">\n<div class=\"builder-text-content\">\n<p><img data-recalc-dims=\"1\" loading=\"lazy\" decoding=\"async\" src=\"https:\/\/i0.wp.com\/www.enrouteprovence.fr\/wp-content\/uploads\/2016\/02\/En-Vau-GP-den-haut_2.jpg?resize=571%2C599&#038;ssl=1\" width=\"571\" height=\"599\" class=\"alignnone size-full wp-image-2733\" srcset=\"https:\/\/i0.wp.com\/www.enrouteprovence.fr\/wp-content\/uploads\/2016\/02\/En-Vau-GP-den-haut_2.jpg?w=571&amp;ssl=1 571w, https:\/\/i0.wp.com\/www.enrouteprovence.fr\/wp-content\/uploads\/2016\/02\/En-Vau-GP-den-haut_2.jpg?resize=286%2C300&amp;ssl=1 286w\" sizes=\"auto, (max-width: 571px) 100vw, 571px\" \/><\/p>\n<\/p><\/div>\n<\/p><\/div>\n<div class=\"builder-text-column builder-text-column-2\" id=\"builder-section-1515403189692-column-2\">\n<div class=\"builder-text-content\">\n<h3>\u00a0<\/h3>\n<h3 style=\"text-align: center;\"><strong><small><big>En-Vau : la perle du<br \/>Parc national des Calanques\u00a0<\/big><\/small><\/strong><\/h3>\n<p>\u00a0<\/p>\n<p style=\"text-align: justify;\">La <em>Calanque d\u2019En-Vau<\/em>, avec ses eaux bleu turquoise domin\u00e9es par de hautes falaises blanches, verticales, est un paradis pour randonneurs et grimpeurs. Au cours de cette randonn\u00e9e, vous aurez la chance d\u2019admirer cette merveille naturelle de la Provence depuis trois points de vue diff\u00e9rents : deux d\u2019en haut, le premier situ\u00e9 droit dans l\u2019axe d\u2019<em>En-Vau<\/em>, comme sur la photo, permettant une vue d\u2019ensemble de la calanque ; le deuxi\u00e8me, juste au-dessus, offrant une vue de c\u00f4t\u00e9, tr\u00e8s diff\u00e9rente, mais tout aussi spectaculaire ; le troisi\u00e8me, depuis la plage tout en bas, d\u2019o\u00f9 le spectacle de la nature dans toute sa beaut\u00e9 est encore diff\u00e9rent. Sur le chemin du retour vers le vivant petit port de\u00a0<em>Cassis<\/em>, vous d\u00e9couvrirez encore deux calanques :\u00a0<em>Port-Pin<\/em>\u00a0et\u00a0<em>Port-Miou<\/em>, la derni\u00e8re abritant sur la moiti\u00e9 de sa longueur un pittoresque port de plaisance.\u00a0<\/p>\n<p>\u00a0<\/p>\n<p style=\"text-align: justify;\"><strong>Dur\u00e9e de marche\u00a0<\/strong>: 4 heures 30<strong><br \/>Niveau\u00a0<\/strong>: mod\u00e9r\u00e9 (sol rocheux)<strong><\/p>\n<p><\/strong><\/p>\n<\/p><\/div>\n<\/p><\/div>\n<\/p><\/div>\n<\/p><\/div>\n<\/section>\n<section id=\"builder-section-1515564356834\" class=\"builder-section-prev-text builder-section builder-section-text builder-section-next-text builder-section-full-width builder-text-columns-2\" style=\"background-repeat: repeat;background-position: center center;\">\n<div class=\"builder-section-content\">\n<div class=\"builder-text-row\">\n<div class=\"builder-text-column builder-text-column-1\" id=\"builder-section-1515564356834-column-1\">\n<div class=\"builder-text-content\">\n<h3>\u00a0<\/h3>\n<h3 style=\"text-align: center;\"><strong><small><big>Au coeur des Calanques<\/big><\/small><\/strong><\/h3>\n<p>\u00a0<\/p>\n<p style=\"text-align: justify;\">Cette randonn\u00e9e d&rsquo;envergure favorise la d\u00e9couverte de la remarquable biodiversit\u00e9 ainsi que des magnifiques paysages du massif des Calanques. Partant de l&rsquo;int\u00e9rieur des terres, son parcours vari\u00e9 m\u00e8ne \u00e0 la mer, sur la plage d&rsquo;En-Vau, au pied de ses imposantes falaises. Plus tard, depuis le fantastique sentier du Devenson, vous surplombez la c\u00f4te de plus de 320 m, profitant de superbes vues sur la c\u00e9l\u00e8bre calanque et sur quatre autres un peu moins connues. En avan\u00e7ant, vous suivez des yeux la Grande Candelle, sommet embl\u00e9matique du massif, devenir de plus en plus imposante et de plus en plus belle.\u00a0<br \/>Randonn\u00e9e ayant re\u00e7u la<strong> marque \u00ab\u00a0Esprit parc national\u00a0\u00bb<\/strong><\/p>\n<p style=\"text-align: justify;\"><strong><br \/>Dur\u00e9e de marche\u00a0<\/strong>: 6 heures<strong><br \/>Niveau\u00a0<\/strong>: assez difficile (d\u00e9nivel\u00e9e de 800 m \/ parties rocheuses)<\/p>\n<p>\u00a0<\/p>\n<\/p><\/div>\n<\/p><\/div>\n<div class=\"builder-text-column builder-text-column-2\" id=\"builder-section-1515564356834-column-2\">\n<div class=\"builder-text-content\">\n<p><img data-recalc-dims=\"1\" loading=\"lazy\" decoding=\"async\" class=\"alignnone size-large wp-image-14138\" src=\"https:\/\/i0.wp.com\/www.enrouteprovence.fr\/wp-content\/uploads\/2023\/03\/En-Vau_flick3-1.jpg?resize=960%2C645&#038;ssl=1\" alt=\"\" width=\"960\" height=\"645\" srcset=\"https:\/\/i0.wp.com\/www.enrouteprovence.fr\/wp-content\/uploads\/2023\/03\/En-Vau_flick3-1.jpg?resize=1024%2C688&amp;ssl=1 1024w, https:\/\/i0.wp.com\/www.enrouteprovence.fr\/wp-content\/uploads\/2023\/03\/En-Vau_flick3-1.jpg?resize=300%2C202&amp;ssl=1 300w, https:\/\/i0.wp.com\/www.enrouteprovence.fr\/wp-content\/uploads\/2023\/03\/En-Vau_flick3-1.jpg?resize=768%2C516&amp;ssl=1 768w, https:\/\/i0.wp.com\/www.enrouteprovence.fr\/wp-content\/uploads\/2023\/03\/En-Vau_flick3-1.jpg?resize=1536%2C1032&amp;ssl=1 1536w, https:\/\/i0.wp.com\/www.enrouteprovence.fr\/wp-content\/uploads\/2023\/03\/En-Vau_flick3-1.jpg?resize=24%2C16&amp;ssl=1 24w, https:\/\/i0.wp.com\/www.enrouteprovence.fr\/wp-content\/uploads\/2023\/03\/En-Vau_flick3-1.jpg?resize=36%2C24&amp;ssl=1 36w, https:\/\/i0.wp.com\/www.enrouteprovence.fr\/wp-content\/uploads\/2023\/03\/En-Vau_flick3-1.jpg?resize=48%2C32&amp;ssl=1 48w, https:\/\/i0.wp.com\/www.enrouteprovence.fr\/wp-content\/uploads\/2023\/03\/En-Vau_flick3-1.jpg?w=1563&amp;ssl=1 1563w\" sizes=\"auto, (max-width: 960px) 100vw, 960px\" \/><\/p>\n<p><img data-recalc-dims=\"1\" loading=\"lazy\" decoding=\"async\" class=\"alignnone size-medium wp-image-2833\" src=\"https:\/\/i0.wp.com\/www.enrouteprovence.fr\/wp-content\/uploads\/2016\/02\/logo-esprit-PNCal_PNCal-300x150.jpg?resize=300%2C150\" alt=\"\" width=\"300\" height=\"150\" \/><\/p>\n<\/p><\/div>\n<\/p><\/div>\n<\/p><\/div>\n<\/p><\/div>\n<\/section>\n<section id=\"builder-section-1515558214905\" class=\"builder-section-prev-text builder-section builder-section-text builder-section-last builder-section-full-width builder-text-columns-2\" style=\"background-repeat: repeat;background-position: center center;\">\n<div class=\"builder-section-content\">\n<div class=\"builder-text-row\">\n<div class=\"builder-text-column builder-text-column-1\" id=\"builder-section-1515558214905-column-1\">\n<div class=\"builder-text-content\">\n<p><img data-recalc-dims=\"1\" loading=\"lazy\" decoding=\"async\" class=\"alignnone size-large wp-image-14598\" src=\"https:\/\/i0.wp.com\/www.enrouteprovence.fr\/wp-content\/uploads\/2023\/03\/En-Vau_paysage_par_JB1.jpg?resize=960%2C540&#038;ssl=1\" alt=\"\" width=\"960\" height=\"540\" srcset=\"https:\/\/i0.wp.com\/www.enrouteprovence.fr\/wp-content\/uploads\/2023\/03\/En-Vau_paysage_par_JB1.jpg?resize=1024%2C576&amp;ssl=1 1024w, https:\/\/i0.wp.com\/www.enrouteprovence.fr\/wp-content\/uploads\/2023\/03\/En-Vau_paysage_par_JB1.jpg?resize=300%2C169&amp;ssl=1 300w, https:\/\/i0.wp.com\/www.enrouteprovence.fr\/wp-content\/uploads\/2023\/03\/En-Vau_paysage_par_JB1.jpg?resize=768%2C432&amp;ssl=1 768w, https:\/\/i0.wp.com\/www.enrouteprovence.fr\/wp-content\/uploads\/2023\/03\/En-Vau_paysage_par_JB1.jpg?resize=1536%2C864&amp;ssl=1 1536w, https:\/\/i0.wp.com\/www.enrouteprovence.fr\/wp-content\/uploads\/2023\/03\/En-Vau_paysage_par_JB1.jpg?resize=24%2C14&amp;ssl=1 24w, https:\/\/i0.wp.com\/www.enrouteprovence.fr\/wp-content\/uploads\/2023\/03\/En-Vau_paysage_par_JB1.jpg?resize=36%2C20&amp;ssl=1 36w, https:\/\/i0.wp.com\/www.enrouteprovence.fr\/wp-content\/uploads\/2023\/03\/En-Vau_paysage_par_JB1.jpg?resize=48%2C27&amp;ssl=1 48w, https:\/\/i0.wp.com\/www.enrouteprovence.fr\/wp-content\/uploads\/2023\/03\/En-Vau_paysage_par_JB1.jpg?w=1920&amp;ssl=1 1920w\" sizes=\"auto, (max-width: 960px) 100vw, 960px\" \/><\/p>\n<\/p><\/div>\n<\/p><\/div>\n<div class=\"builder-text-column builder-text-column-2\" id=\"builder-section-1515558214905-column-2\">\n<div class=\"builder-text-content\">\n<h3 style=\"text-align: center;\"><strong><small><big>La travers\u00e9e du Parc national des Calanques<\/p>\n<p><\/big><\/small><\/strong><\/h3>\n<p style=\"text-align: justify;\">Cette journ\u00e9e de randonn\u00e9e est incomparable pour ses paysages. De Luminy \u00e0 Cassis, \u00e0 travers le massif des Calanques, vous savourerez sur 18 km de sentiers caillouteux plusieurs dizaines de points de vue \u00e9poustouflants, depuis trois niveaux, au moins : le niveau de la mer, le haut des falaises et, entre deux, le\u00a0 balcon. En 7h, vous verrez d\u00e9filer devant vos yeux les calanques les plus c\u00e9l\u00e8bres:\u00a0<em>Sormiou<\/em>,\u00a0<em>Morgiou<\/em>,\u00a0<em>Sugiton<\/em>, la\u00a0<em>Calanque du Devenson<\/em>,<em>\u00a0En-Vau<\/em>,\u00a0<em>Port-Pin<\/em>\u00a0et\u00a0<em>Port-Miou<\/em>. Qu&rsquo;ajouter de plus?<br \/><strong><br \/><\/strong><\/p>\n<p style=\"text-align: justify;\"><strong>Dur\u00e9e de marche\u00a0<\/strong>: 6 heures 30<strong><br \/>Niveau\u00a0<\/strong>: difficile (pentes raides \/ parties rocheuses)<\/p>\n<\/p><\/div>\n<\/p><\/div>\n<\/p><\/div>\n<\/p><\/div>\n<\/section>\n","protected":false},"excerpt":{"rendered":"<p>Randonn\u00e9es guid\u00e9es dans le Parc national des Calanques,un site unique en Europe \u00a0 \u00a0 Au-dessus de la Calanque de Sormiou \u00a0 Ce parcours facile offre de superbes vues sur l&rsquo;une des plus grandes calanques, ces criques encaiss\u00e9es que l&rsquo;on peut admirer sur la c\u00f4te proven\u00e7ale :\u00a0Sormiou, un amphith\u00e9\u00e2tre, avec pour gradins les collines et falaises &hellip;<\/p>\n","protected":false},"author":1,"featured_media":2833,"parent":43,"menu_order":0,"comment_status":"closed","ping_status":"closed","template":"template-builder.php","meta":{"footnotes":""},"class_list":["post-367","page","type-page","status-publish","has-post-thumbnail","hentry"],"yoast_head":"<!-- This site is optimized with the Yoast SEO plugin v27.4 - https:\/\/yoast.com\/product\/yoast-seo-wordpress\/ -->\n<title>Les Calanques | En route Provence<\/title>\n<meta name=\"description\" content=\"Come and discover Provence&#039;s outdoors on foot, escorted by a local walking guide, and get the most of its multiple faces : the pretty Provence towns and villages, from Gordes, Roussillon, St-Tropez, Vence or Bormes les Mimosas to St Remy or Les Baux de Provence, lush vineyards, colorful countryside and bright rugged landscapes like those of the Calanques National Park. Whatever your plan: the best of day trips from Nice or Marseille, a daily walk over one week in the Luberon or just the ascent of Mont Ventoux or Sainte-Victoire, we can provide you our experience and knowledge.\" \/>\n<meta name=\"robots\" content=\"index, follow, max-snippet:-1, max-image-preview:large, max-video-preview:-1\" \/>\n<link rel=\"canonical\" href=\"https:\/\/www.enrouteprovence.fr\/hiking-walking-tours-provence-france\/fr\/regions\/les-calanques\" \/>\n<meta property=\"og:locale\" content=\"fr_FR\" \/>\n<meta property=\"og:type\" content=\"article\" \/>\n<meta property=\"og:title\" content=\"Les Calanques | En route Provence\" \/>\n<meta property=\"og:description\" content=\"Come and discover Provence&#039;s outdoors on foot, escorted by a local walking guide, and get the most of its multiple faces : the pretty Provence towns and villages, from Gordes, Roussillon, St-Tropez, Vence or Bormes les Mimosas to St Remy or Les Baux de Provence, lush vineyards, colorful countryside and bright rugged landscapes like those of the Calanques National Park. Whatever your plan: the best of day trips from Nice or Marseille, a daily walk over one week in the Luberon or just the ascent of Mont Ventoux or Sainte-Victoire, we can provide you our experience and knowledge.\" \/>\n<meta property=\"og:url\" content=\"https:\/\/www.enrouteprovence.fr\/hiking-walking-tours-provence-france\/fr\/regions\/les-calanques\" \/>\n<meta property=\"og:site_name\" content=\"En route Provence\" \/>\n<meta property=\"article:modified_time\" content=\"2023-04-02T04:06:36+00:00\" \/>\n<meta property=\"og:image\" content=\"https:\/\/i0.wp.com\/www.enrouteprovence.fr\/wp-content\/uploads\/2016\/02\/logo-esprit-PNCal_PNCal-e1516022613912.jpg?fit=800%2C400&ssl=1\" \/>\n\t<meta property=\"og:image:width\" content=\"800\" \/>\n\t<meta property=\"og:image:height\" content=\"400\" \/>\n\t<meta property=\"og:image:type\" content=\"image\/jpeg\" \/>\n<meta name=\"twitter:card\" content=\"summary_large_image\" \/>\n<meta name=\"twitter:label1\" content=\"Dur\u00e9e de lecture estim\u00e9e\" \/>\n\t<meta name=\"twitter:data1\" content=\"6 minutes\" \/>\n<script type=\"application\/ld+json\" class=\"yoast-schema-graph\">{\"@context\":\"https:\\\/\\\/schema.org\",\"@graph\":[{\"@type\":\"WebPage\",\"@id\":\"https:\\\/\\\/www.enrouteprovence.fr\\\/hiking-walking-tours-provence-france\\\/fr\\\/regions\\\/les-calanques\",\"url\":\"https:\\\/\\\/www.enrouteprovence.fr\\\/hiking-walking-tours-provence-france\\\/fr\\\/regions\\\/les-calanques\",\"name\":\"Les Calanques | En route Provence\",\"isPartOf\":{\"@id\":\"https:\\\/\\\/www.enrouteprovence.fr\\\/hiking-walking-tours-provence-france\\\/#website\"},\"primaryImageOfPage\":{\"@id\":\"https:\\\/\\\/www.enrouteprovence.fr\\\/hiking-walking-tours-provence-france\\\/fr\\\/regions\\\/les-calanques#primaryimage\"},\"image\":{\"@id\":\"https:\\\/\\\/www.enrouteprovence.fr\\\/hiking-walking-tours-provence-france\\\/fr\\\/regions\\\/les-calanques#primaryimage\"},\"thumbnailUrl\":\"https:\\\/\\\/i0.wp.com\\\/www.enrouteprovence.fr\\\/wp-content\\\/uploads\\\/2016\\\/02\\\/logo-esprit-PNCal_PNCal-e1516022613912.jpg?fit=800%2C400&ssl=1\",\"datePublished\":\"2016-02-05T10:26:47+00:00\",\"dateModified\":\"2023-04-02T04:06:36+00:00\",\"description\":\"Come and discover Provence's outdoors on foot, escorted by a local walking guide, and get the most of its multiple faces : the pretty Provence towns and villages, from Gordes, Roussillon, St-Tropez, Vence or Bormes les Mimosas to St Remy or Les Baux de Provence, lush vineyards, colorful countryside and bright rugged landscapes like those of the Calanques National Park. Whatever your plan: the best of day trips from Nice or Marseille, a daily walk over one week in the Luberon or just the ascent of Mont Ventoux or Sainte-Victoire, we can provide you our experience and knowledge.\",\"breadcrumb\":{\"@id\":\"https:\\\/\\\/www.enrouteprovence.fr\\\/hiking-walking-tours-provence-france\\\/fr\\\/regions\\\/les-calanques#breadcrumb\"},\"inLanguage\":\"fr-FR\",\"potentialAction\":[{\"@type\":\"ReadAction\",\"target\":[\"https:\\\/\\\/www.enrouteprovence.fr\\\/hiking-walking-tours-provence-france\\\/fr\\\/regions\\\/les-calanques\"]}]},{\"@type\":\"ImageObject\",\"inLanguage\":\"fr-FR\",\"@id\":\"https:\\\/\\\/www.enrouteprovence.fr\\\/hiking-walking-tours-provence-france\\\/fr\\\/regions\\\/les-calanques#primaryimage\",\"url\":\"https:\\\/\\\/i0.wp.com\\\/www.enrouteprovence.fr\\\/wp-content\\\/uploads\\\/2016\\\/02\\\/logo-esprit-PNCal_PNCal-e1516022613912.jpg?fit=800%2C400&ssl=1\",\"contentUrl\":\"https:\\\/\\\/i0.wp.com\\\/www.enrouteprovence.fr\\\/wp-content\\\/uploads\\\/2016\\\/02\\\/logo-esprit-PNCal_PNCal-e1516022613912.jpg?fit=800%2C400&ssl=1\",\"width\":800,\"height\":400},{\"@type\":\"BreadcrumbList\",\"@id\":\"https:\\\/\\\/www.enrouteprovence.fr\\\/hiking-walking-tours-provence-france\\\/fr\\\/regions\\\/les-calanques#breadcrumb\",\"itemListElement\":[{\"@type\":\"ListItem\",\"position\":1,\"name\":\"Home\",\"item\":\"https:\\\/\\\/www.enrouteprovence.fr\\\/hiking-walking-tours-provence-france\\\/fr\"},{\"@type\":\"ListItem\",\"position\":2,\"name\":\"R\u00e9gions\",\"item\":\"https:\\\/\\\/www.enrouteprovence.fr\\\/hiking-walking-tours-provence-france\\\/fr\\\/regions\"},{\"@type\":\"ListItem\",\"position\":3,\"name\":\"Les Calanques\"}]},{\"@type\":\"WebSite\",\"@id\":\"https:\\\/\\\/www.enrouteprovence.fr\\\/hiking-walking-tours-provence-france\\\/#website\",\"url\":\"https:\\\/\\\/www.enrouteprovence.fr\\\/hiking-walking-tours-provence-france\\\/\",\"name\":\"En route Provence\",\"description\":\"Walking Provence with a local guide\",\"publisher\":{\"@id\":\"https:\\\/\\\/www.enrouteprovence.fr\\\/hiking-walking-tours-provence-france\\\/#\\\/schema\\\/person\\\/af05f7bb993f95aa77136a6845e974d1\"},\"potentialAction\":[{\"@type\":\"SearchAction\",\"target\":{\"@type\":\"EntryPoint\",\"urlTemplate\":\"https:\\\/\\\/www.enrouteprovence.fr\\\/hiking-walking-tours-provence-france\\\/?s={search_term_string}\"},\"query-input\":{\"@type\":\"PropertyValueSpecification\",\"valueRequired\":true,\"valueName\":\"search_term_string\"}}],\"inLanguage\":\"fr-FR\"},{\"@type\":[\"Person\",\"Organization\"],\"@id\":\"https:\\\/\\\/www.enrouteprovence.fr\\\/hiking-walking-tours-provence-france\\\/#\\\/schema\\\/person\\\/af05f7bb993f95aa77136a6845e974d1\",\"name\":\"jean-bernard-jb\",\"image\":{\"@type\":\"ImageObject\",\"inLanguage\":\"fr-FR\",\"@id\":\"https:\\\/\\\/secure.gravatar.com\\\/avatar\\\/25948e7e644d7187247bba1791838724eaccec85389611bf578fb1d316dab3d9?s=96&d=mm&r=g\",\"url\":\"https:\\\/\\\/secure.gravatar.com\\\/avatar\\\/25948e7e644d7187247bba1791838724eaccec85389611bf578fb1d316dab3d9?s=96&d=mm&r=g\",\"contentUrl\":\"https:\\\/\\\/secure.gravatar.com\\\/avatar\\\/25948e7e644d7187247bba1791838724eaccec85389611bf578fb1d316dab3d9?s=96&d=mm&r=g\",\"caption\":\"jean-bernard-jb\"},\"logo\":{\"@id\":\"https:\\\/\\\/secure.gravatar.com\\\/avatar\\\/25948e7e644d7187247bba1791838724eaccec85389611bf578fb1d316dab3d9?s=96&d=mm&r=g\"}}]}<\/script>\n<!-- \/ Yoast SEO plugin. -->","yoast_head_json":{"title":"Les Calanques | En route Provence","description":"Come and discover Provence's outdoors on foot, escorted by a local walking guide, and get the most of its multiple faces : the pretty Provence towns and villages, from Gordes, Roussillon, St-Tropez, Vence or Bormes les Mimosas to St Remy or Les Baux de Provence, lush vineyards, colorful countryside and bright rugged landscapes like those of the Calanques National Park. Whatever your plan: the best of day trips from Nice or Marseille, a daily walk over one week in the Luberon or just the ascent of Mont Ventoux or Sainte-Victoire, we can provide you our experience and knowledge.","robots":{"index":"index","follow":"follow","max-snippet":"max-snippet:-1","max-image-preview":"max-image-preview:large","max-video-preview":"max-video-preview:-1"},"canonical":"https:\/\/www.enrouteprovence.fr\/hiking-walking-tours-provence-france\/fr\/regions\/les-calanques","og_locale":"fr_FR","og_type":"article","og_title":"Les Calanques | En route Provence","og_description":"Come and discover Provence's outdoors on foot, escorted by a local walking guide, and get the most of its multiple faces : the pretty Provence towns and villages, from Gordes, Roussillon, St-Tropez, Vence or Bormes les Mimosas to St Remy or Les Baux de Provence, lush vineyards, colorful countryside and bright rugged landscapes like those of the Calanques National Park. Whatever your plan: the best of day trips from Nice or Marseille, a daily walk over one week in the Luberon or just the ascent of Mont Ventoux or Sainte-Victoire, we can provide you our experience and knowledge.","og_url":"https:\/\/www.enrouteprovence.fr\/hiking-walking-tours-provence-france\/fr\/regions\/les-calanques","og_site_name":"En route Provence","article_modified_time":"2023-04-02T04:06:36+00:00","og_image":[{"width":800,"height":400,"url":"https:\/\/i0.wp.com\/www.enrouteprovence.fr\/wp-content\/uploads\/2016\/02\/logo-esprit-PNCal_PNCal-e1516022613912.jpg?fit=800%2C400&ssl=1","type":"image\/jpeg"}],"twitter_card":"summary_large_image","twitter_misc":{"Dur\u00e9e de lecture estim\u00e9e":"6 minutes"},"schema":{"@context":"https:\/\/schema.org","@graph":[{"@type":"WebPage","@id":"https:\/\/www.enrouteprovence.fr\/hiking-walking-tours-provence-france\/fr\/regions\/les-calanques","url":"https:\/\/www.enrouteprovence.fr\/hiking-walking-tours-provence-france\/fr\/regions\/les-calanques","name":"Les Calanques | En route Provence","isPartOf":{"@id":"https:\/\/www.enrouteprovence.fr\/hiking-walking-tours-provence-france\/#website"},"primaryImageOfPage":{"@id":"https:\/\/www.enrouteprovence.fr\/hiking-walking-tours-provence-france\/fr\/regions\/les-calanques#primaryimage"},"image":{"@id":"https:\/\/www.enrouteprovence.fr\/hiking-walking-tours-provence-france\/fr\/regions\/les-calanques#primaryimage"},"thumbnailUrl":"https:\/\/i0.wp.com\/www.enrouteprovence.fr\/wp-content\/uploads\/2016\/02\/logo-esprit-PNCal_PNCal-e1516022613912.jpg?fit=800%2C400&ssl=1","datePublished":"2016-02-05T10:26:47+00:00","dateModified":"2023-04-02T04:06:36+00:00","description":"Come and discover Provence's outdoors on foot, escorted by a local walking guide, and get the most of its multiple faces : the pretty Provence towns and villages, from Gordes, Roussillon, St-Tropez, Vence or Bormes les Mimosas to St Remy or Les Baux de Provence, lush vineyards, colorful countryside and bright rugged landscapes like those of the Calanques National Park. Whatever your plan: the best of day trips from Nice or Marseille, a daily walk over one week in the Luberon or just the ascent of Mont Ventoux or Sainte-Victoire, we can provide you our experience and knowledge.","breadcrumb":{"@id":"https:\/\/www.enrouteprovence.fr\/hiking-walking-tours-provence-france\/fr\/regions\/les-calanques#breadcrumb"},"inLanguage":"fr-FR","potentialAction":[{"@type":"ReadAction","target":["https:\/\/www.enrouteprovence.fr\/hiking-walking-tours-provence-france\/fr\/regions\/les-calanques"]}]},{"@type":"ImageObject","inLanguage":"fr-FR","@id":"https:\/\/www.enrouteprovence.fr\/hiking-walking-tours-provence-france\/fr\/regions\/les-calanques#primaryimage","url":"https:\/\/i0.wp.com\/www.enrouteprovence.fr\/wp-content\/uploads\/2016\/02\/logo-esprit-PNCal_PNCal-e1516022613912.jpg?fit=800%2C400&ssl=1","contentUrl":"https:\/\/i0.wp.com\/www.enrouteprovence.fr\/wp-content\/uploads\/2016\/02\/logo-esprit-PNCal_PNCal-e1516022613912.jpg?fit=800%2C400&ssl=1","width":800,"height":400},{"@type":"BreadcrumbList","@id":"https:\/\/www.enrouteprovence.fr\/hiking-walking-tours-provence-france\/fr\/regions\/les-calanques#breadcrumb","itemListElement":[{"@type":"ListItem","position":1,"name":"Home","item":"https:\/\/www.enrouteprovence.fr\/hiking-walking-tours-provence-france\/fr"},{"@type":"ListItem","position":2,"name":"R\u00e9gions","item":"https:\/\/www.enrouteprovence.fr\/hiking-walking-tours-provence-france\/fr\/regions"},{"@type":"ListItem","position":3,"name":"Les Calanques"}]},{"@type":"WebSite","@id":"https:\/\/www.enrouteprovence.fr\/hiking-walking-tours-provence-france\/#website","url":"https:\/\/www.enrouteprovence.fr\/hiking-walking-tours-provence-france\/","name":"En route Provence","description":"Walking Provence with a local guide","publisher":{"@id":"https:\/\/www.enrouteprovence.fr\/hiking-walking-tours-provence-france\/#\/schema\/person\/af05f7bb993f95aa77136a6845e974d1"},"potentialAction":[{"@type":"SearchAction","target":{"@type":"EntryPoint","urlTemplate":"https:\/\/www.enrouteprovence.fr\/hiking-walking-tours-provence-france\/?s={search_term_string}"},"query-input":{"@type":"PropertyValueSpecification","valueRequired":true,"valueName":"search_term_string"}}],"inLanguage":"fr-FR"},{"@type":["Person","Organization"],"@id":"https:\/\/www.enrouteprovence.fr\/hiking-walking-tours-provence-france\/#\/schema\/person\/af05f7bb993f95aa77136a6845e974d1","name":"jean-bernard-jb","image":{"@type":"ImageObject","inLanguage":"fr-FR","@id":"https:\/\/secure.gravatar.com\/avatar\/25948e7e644d7187247bba1791838724eaccec85389611bf578fb1d316dab3d9?s=96&d=mm&r=g","url":"https:\/\/secure.gravatar.com\/avatar\/25948e7e644d7187247bba1791838724eaccec85389611bf578fb1d316dab3d9?s=96&d=mm&r=g","contentUrl":"https:\/\/secure.gravatar.com\/avatar\/25948e7e644d7187247bba1791838724eaccec85389611bf578fb1d316dab3d9?s=96&d=mm&r=g","caption":"jean-bernard-jb"},"logo":{"@id":"https:\/\/secure.gravatar.com\/avatar\/25948e7e644d7187247bba1791838724eaccec85389611bf578fb1d316dab3d9?s=96&d=mm&r=g"}}]}},"_links":{"self":[{"href":"https:\/\/www.enrouteprovence.fr\/hiking-walking-tours-provence-france\/fr\/wp-json\/wp\/v2\/pages\/367","targetHints":{"allow":["GET"]}}],"collection":[{"href":"https:\/\/www.enrouteprovence.fr\/hiking-walking-tours-provence-france\/fr\/wp-json\/wp\/v2\/pages"}],"about":[{"href":"https:\/\/www.enrouteprovence.fr\/hiking-walking-tours-provence-france\/fr\/wp-json\/wp\/v2\/types\/page"}],"author":[{"embeddable":true,"href":"https:\/\/www.enrouteprovence.fr\/hiking-walking-tours-provence-france\/fr\/wp-json\/wp\/v2\/users\/1"}],"replies":[{"embeddable":true,"href":"https:\/\/www.enrouteprovence.fr\/hiking-walking-tours-provence-france\/fr\/wp-json\/wp\/v2\/comments?post=367"}],"version-history":[{"count":71,"href":"https:\/\/www.enrouteprovence.fr\/hiking-walking-tours-provence-france\/fr\/wp-json\/wp\/v2\/pages\/367\/revisions"}],"predecessor-version":[{"id":14637,"href":"https:\/\/www.enrouteprovence.fr\/hiking-walking-tours-provence-france\/fr\/wp-json\/wp\/v2\/pages\/367\/revisions\/14637"}],"up":[{"embeddable":true,"href":"https:\/\/www.enrouteprovence.fr\/hiking-walking-tours-provence-france\/fr\/wp-json\/wp\/v2\/pages\/43"}],"wp:featuredmedia":[{"embeddable":true,"href":"https:\/\/www.enrouteprovence.fr\/hiking-walking-tours-provence-france\/fr\/wp-json\/wp\/v2\/media\/2833"}],"wp:attachment":[{"href":"https:\/\/www.enrouteprovence.fr\/hiking-walking-tours-provence-france\/fr\/wp-json\/wp\/v2\/media?parent=367"}],"curies":[{"name":"wp","href":"https:\/\/api.w.org\/{rel}","templated":true}]}}