{"id":68,"date":"2016-01-20T14:54:20","date_gmt":"2016-01-20T13:54:20","guid":{"rendered":"http:\/\/www.enrouteprovence.fr\/?page_id=68"},"modified":"2023-04-26T19:12:40","modified_gmt":"2023-04-26T18:12:40","slug":"les-alpilles-et-les-baux-de-provence","status":"publish","type":"page","link":"https:\/\/www.enrouteprovence.fr\/hiking-walking-tours-provence-france\/fr\/regions\/les-alpilles-et-les-baux-de-provence","title":{"rendered":"Les Alpilles et Les Baux de Provence"},"content":{"rendered":"<section id=\"builder-section-1453297804238\" class=\"builder-section-first builder-section builder-section-banner builder-section-next-text\" style=\"background-repeat: repeat;background-position: center center;\">\n<div class=\"builder-section-content\">\n<div class=\"builder-banner-slide content-position-none\" style=\"background-color:#1e73be;\">\n<div class=\"builder-banner-content\">\n<div class=\"builder-banner-inner-content\">\n<h2 style=\"text-align: center;\"><span style=\"color: #ffffff;\">Randonn\u00e9es guid\u00e9es: les Alpilles et les Baux de Provence,<\/span><br \/><span style=\"color: #ffffff;\"><small>l&rsquo;essence de la Provence<\/small><\/span><\/h2>\n<\/p><\/div>\n<\/p><\/div>\n<\/p><\/div>\n<\/p><\/div>\n<\/section>\n<section id=\"builder-section-1453297903894\" class=\"builder-section-prev-banner builder-section builder-section-text builder-section-next-text builder-section-full-width builder-text-columns-2\" style=\"background-repeat: repeat;background-position: center center;\">\n<div class=\"builder-section-content\">\n<div class=\"builder-text-row\">\n<div class=\"builder-text-column builder-text-column-1\" id=\"builder-section-1453297903894-column-1\">\n<div class=\"builder-text-content\">\n<h3 style=\"text-align: center;\"><strong>En route vers Les Baux de Provence<\/strong><\/h3>\n<p>\u00a0<\/p>\n<p style=\"text-align: justify;\">Depuis le petit col sur la route traversant la cha\u00eene des <em>Alpilles<\/em>, vous marcherez sur la cr\u00eate durant l&rsquo;essentiel de la marche, b\u00e9n\u00e9ficiant de beaux points de vue dans toutes les directions. Et soudain, au sortir d&rsquo;un bosquet de pins, appara\u00eetra devant vous, \u00e0 l&rsquo;horizon, au milieu de pics dentel\u00e9s, le rocher des <em>Baux de Provence<\/em>\u00a0: un ch\u00e2teau m\u00e9di\u00e9val en ruine, et les nombreuses petites tuiles des maisons de pierre de son village. Perch\u00e9e sur un promontoire escarp\u00e9 faisant face \u00e0 la cr\u00eate des Alpilles, la citadelle fut abandonn\u00e9e au 17\u00a0<sup>\u00e8me<\/sup>\u00a0s<em>.\u00a0<\/em>Sa visite vaut la peine. Une autre visite est int\u00e9ressante: celle des <em>Carri\u00e8res de Lumi\u00e8re,<\/em>\u00a0spectacle de son et lumi\u00e8re projet\u00e9 sur les murs d&rsquo;une ancienne carri\u00e8re situ\u00e9e en bas du village.<\/p>\n<p style=\"text-align: justify;\"><strong>Dur\u00e9e de marche<\/strong>\u00a0: 2 heures 30<br \/><strong>Niveau<\/strong>\u00a0: facile (sol rocheux)<\/p>\n<\/p><\/div>\n<\/p><\/div>\n<div class=\"builder-text-column builder-text-column-2\" id=\"builder-section-1453297903894-column-2\">\n<div class=\"builder-text-content\">\n<h2><img data-recalc-dims=\"1\" loading=\"lazy\" decoding=\"async\" class=\"alignnone size-large wp-image-14237\" src=\"https:\/\/i0.wp.com\/www.enrouteprovence.fr\/wp-content\/uploads\/2023\/03\/baux-de-provence_pxb2.jpg?resize=960%2C755&#038;ssl=1\" alt=\"\" width=\"960\" height=\"755\" srcset=\"https:\/\/i0.wp.com\/www.enrouteprovence.fr\/wp-content\/uploads\/2023\/03\/baux-de-provence_pxb2.jpg?resize=1024%2C805&amp;ssl=1 1024w, https:\/\/i0.wp.com\/www.enrouteprovence.fr\/wp-content\/uploads\/2023\/03\/baux-de-provence_pxb2.jpg?resize=300%2C236&amp;ssl=1 300w, https:\/\/i0.wp.com\/www.enrouteprovence.fr\/wp-content\/uploads\/2023\/03\/baux-de-provence_pxb2.jpg?resize=768%2C604&amp;ssl=1 768w, https:\/\/i0.wp.com\/www.enrouteprovence.fr\/wp-content\/uploads\/2023\/03\/baux-de-provence_pxb2.jpg?resize=24%2C19&amp;ssl=1 24w, https:\/\/i0.wp.com\/www.enrouteprovence.fr\/wp-content\/uploads\/2023\/03\/baux-de-provence_pxb2.jpg?resize=36%2C28&amp;ssl=1 36w, https:\/\/i0.wp.com\/www.enrouteprovence.fr\/wp-content\/uploads\/2023\/03\/baux-de-provence_pxb2.jpg?resize=48%2C38&amp;ssl=1 48w, https:\/\/i0.wp.com\/www.enrouteprovence.fr\/wp-content\/uploads\/2023\/03\/baux-de-provence_pxb2.jpg?w=1085&amp;ssl=1 1085w\" sizes=\"auto, (max-width: 960px) 100vw, 960px\" \/><\/h2>\n<\/p><\/div>\n<\/p><\/div>\n<\/p><\/div>\n<\/p><\/div>\n<\/section>\n<section id=\"builder-section-1517556180221\" class=\"builder-section-prev-text builder-section builder-section-text builder-section-next-text builder-section-full-width builder-text-columns-2\" style=\"background-repeat: repeat;background-position: center center;\">\n<div class=\"builder-section-content\">\n<div class=\"builder-text-row\">\n<div class=\"builder-text-column builder-text-column-1\" id=\"builder-section-1517556180221-column-1\">\n<div class=\"builder-text-content\">\n<p><img data-recalc-dims=\"1\" loading=\"lazy\" decoding=\"async\" class=\"alignnone size-full wp-image-1935 aligncenter\" src=\"https:\/\/i0.wp.com\/www.enrouteprovence.fr\/wp-content\/uploads\/2016\/01\/Rocher-des-2-trous.jpg?resize=454%2C606&#038;ssl=1\" width=\"454\" height=\"606\" srcset=\"https:\/\/i0.wp.com\/www.enrouteprovence.fr\/wp-content\/uploads\/2016\/01\/Rocher-des-2-trous.jpg?w=378&amp;ssl=1 378w, https:\/\/i0.wp.com\/www.enrouteprovence.fr\/wp-content\/uploads\/2016\/01\/Rocher-des-2-trous.jpg?resize=225%2C300&amp;ssl=1 225w\" sizes=\"auto, (max-width: 454px) 100vw, 454px\" \/><\/p>\n<\/p><\/div>\n<\/p><\/div>\n<div class=\"builder-text-column builder-text-column-2\" id=\"builder-section-1517556180221-column-2\">\n<div class=\"builder-text-content\">\n<h3>\u00a0<\/h3>\n<h3 style=\"text-align: center;\"><strong>Dans les pas de Van Gogh<\/strong><\/h3>\n<p>\u00a0<\/p>\n<p style=\"text-align: justify;\">C&rsquo;est dans la petite ville de <em>St-R\u00e9my de Provence<\/em>, o\u00f9 Vincent van Gogh passa une ann\u00e9e,\u00a0 que d\u00e9marre cette belle randonn\u00e9e.\u00a0 Elle tient son nom du fait qu&rsquo;elle vous emm\u00e8ne dans de nombreux endroits o\u00f9 le peintre n\u00e9erlandais posa sa toile : il y peignit plus de 70 tableaux. Une fois sorti de la ville, vous parcourrez des chemins au milieu des vignes et des oliveraies, avant de gravir une mont\u00e9e \u00e0 travers la pin\u00e8de jusqu&rsquo;\u00e0 la cr\u00eate des <em>Alpilles<\/em>. Cette randonn\u00e9e aurait pu \u00e9galement \u00eatre baptis\u00e9e le <em>Rocher des Deux Trous<\/em>, en r\u00e9f\u00e9rence \u00e0 la falaise rapidement visible sur les hauteurs, au pied de laquelle deux gros trous longtemps demeur\u00e9s invisibles, soudain apparaissent, l&rsquo;un \u00e0 c\u00f4t\u00e9 de l&rsquo;autre, au fur et \u00e0 mesure que vous vous approchez. Dans le dernier kilom\u00e8tre du parcours, vous passerez pr\u00e8s du site de <em>Glanum<\/em>, o\u00f9 sont visibles les vestiges d&rsquo;un peuplement qui s&rsquo;y d\u00e9veloppa il y a 2200 ans, sous les influences grecques puis romaines.<\/p>\n<p>\u00a0<\/p>\n<p style=\"text-align: justify;\"><strong>Dur\u00e9e de marche<\/strong>\u00a0: 3 heures<br \/><strong>Niveau<\/strong>\u00a0: mod\u00e9r\u00e9 (terrain escarp\u00e9 et rocheux)<\/p>\n<\/p><\/div>\n<\/p><\/div>\n<\/p><\/div>\n<\/p><\/div>\n<\/section>\n<section id=\"builder-section-1517579260400\" class=\"builder-section-prev-text builder-section builder-section-text builder-section-next-text builder-section-full-width builder-text-columns-2\" style=\"background-repeat: repeat;background-position: center center;\">\n<div class=\"builder-section-content\">\n<div class=\"builder-text-row\">\n<div class=\"builder-text-column builder-text-column-1\" id=\"builder-section-1517579260400-column-1\">\n<div class=\"builder-text-content\">\n<h3 style=\"text-align: center;\"><strong>De St-R\u00e9my de Provence<br \/>jusqu&rsquo;aux Baux<\/strong><\/h3>\n<p>\u00a0<\/p>\n<p style=\"text-align: justify;\">En quittant les rues m\u00e9di\u00e9vales de <em>St-R\u00e9my<\/em>, vous vous dirigerez vers un quartier encore plus ancien,\u00a0<em>Les Antiques<\/em>, deux monuments romains parmi les mieux conserv\u00e9s: le Mausol\u00e9e et l&rsquo;Arc de Triomphe, porte qui marquait l&rsquo;entr\u00e9e de la ville de\u00a0<em>Glanum<\/em>. Puis, \u00e0 travers la pin\u00e8de, vous vous \u00e9l\u00e8verez sur des routes communales et des pistes foresti\u00e8res jusqu&rsquo;au sentier de cr\u00eates des <em>Alpilles<\/em>. De l\u00e0-haut, vous pourrez jouir d&rsquo;un panorama incomparable tout autour. En suivant la cr\u00eate principale, vous vous approcherez tranquillement des<em>\u00a0Baux de Provence<\/em>. Construit sur un \u00e9peron rocheux, le ch\u00e2teau m\u00e9di\u00e9val, en\u00a0ruine, appara\u00eetra soudain. Autrefois le fief de seigneurs tr\u00e8s puissants, parmi les plus influents du sud de la France, ce site est unique. L&rsquo;entr\u00e9e \u00e0 la citadelle vaut la peine.\u00a0Une autre visite est int\u00e9ressante: celle des\u00a0<em>Carri\u00e8res de Lumi\u00e8re,<\/em>\u00a0spectacle de son et lumi\u00e8re projet\u00e9 sur les murs d\u2019une ancienne carri\u00e8re situ\u00e9e en bas du village.<\/p>\n<p>\u00a0<\/p>\n<p style=\"text-align: justify;\"><strong>Dur\u00e9e de marche\u00a0<\/strong>: 4 heures<strong><br \/>Niveau\u00a0<\/strong>: mod\u00e9r\u00e9 (sol rocheux)<strong><\/p>\n<p><\/strong><\/p>\n<\/p><\/div>\n<\/p><\/div>\n<div class=\"builder-text-column builder-text-column-2\" id=\"builder-section-1517579260400-column-2\">\n<div class=\"builder-text-content\">\n<p><img data-recalc-dims=\"1\" loading=\"lazy\" decoding=\"async\" class=\"alignnone size-full wp-image-3360 aligncenter\" src=\"https:\/\/i0.wp.com\/www.enrouteprovence.fr\/wp-content\/uploads\/2016\/01\/crete_Alpilles.jpg?resize=500%2C667&#038;ssl=1\" width=\"500\" height=\"667\" srcset=\"https:\/\/i0.wp.com\/www.enrouteprovence.fr\/wp-content\/uploads\/2016\/01\/crete_Alpilles.jpg?w=768&amp;ssl=1 768w, https:\/\/i0.wp.com\/www.enrouteprovence.fr\/wp-content\/uploads\/2016\/01\/crete_Alpilles.jpg?resize=225%2C300&amp;ssl=1 225w\" sizes=\"auto, (max-width: 500px) 100vw, 500px\" \/><\/p>\n<\/p><\/div>\n<\/p><\/div>\n<\/p><\/div>\n<\/p><\/div>\n<\/section>\n<section id=\"builder-section-1517580724163\" class=\"builder-section-prev-text builder-section builder-section-text builder-section-last builder-section-full-width builder-text-columns-2\" style=\"background-repeat: repeat;background-position: center center;\">\n<div class=\"builder-section-content\">\n<div class=\"builder-text-row\">\n<div class=\"builder-text-column builder-text-column-1\" id=\"builder-section-1517580724163-column-1\">\n<div class=\"builder-text-content\">\n<p><img data-recalc-dims=\"1\" loading=\"lazy\" decoding=\"async\" class=\"alignnone size-full wp-image-14217\" src=\"https:\/\/i0.wp.com\/www.enrouteprovence.fr\/wp-content\/uploads\/2023\/04\/Vue-sur-la-crete.jpg?resize=850%2C908&#038;ssl=1\" alt=\"\" width=\"850\" height=\"908\" \/><\/p>\n<\/p><\/div>\n<\/p><\/div>\n<div class=\"builder-text-column builder-text-column-2\" id=\"builder-section-1517580724163-column-2\">\n<div class=\"builder-text-content\">\n<h3 style=\"text-align: center;\"><strong>Le panorama depuis la Caume<br \/><\/strong><strong>\u00a0<\/strong><\/h3>\n<p style=\"text-align: justify;\">Cette randonn\u00e9e journ\u00e9e commence, elle aussi, dans la vieille ville de St-R\u00e9my de Provence. Apr\u00e8s une heure d&rsquo;ascension tranquille, vous aurez le droit de passer les deux heures suivantes sur la cr\u00eate des Alpilles jusqu&rsquo;au sommet du plateau de <em>la Caume<\/em>. En chemin, en plus du vaste panorama, vous pourrez d\u00e9couvrir la grande diversit\u00e9 de la flore m\u00e9diterran\u00e9enne : non seulement, le romarin, le thym et la lavande, mais aussi des dizaines d&rsquo;esp\u00e8ces florissant t\u00f4t dans l&rsquo;ann\u00e9e. De retour dans la plaine, avant de rejoindre le charmant village d&rsquo;<em>Eygali\u00e8res<\/em>, un passage par le\u00a0<em>Ch\u00e2teau Romanin<\/em> vaut le d\u00e9tour : une visite guid\u00e9e de la cave et une d\u00e9gustation des vins produits peuvent \u00eatre organis\u00e9es.<\/p>\n<p style=\"text-align: justify;\"><strong>Dur\u00e9e de marche\u00a0<\/strong>: 5 heures<strong><br \/>Niveau\u00a0<\/strong>: soutenu (terrain rocheux et passages raides)<\/p>\n<p>\u00a0<\/p>\n<\/p><\/div>\n<\/p><\/div>\n<\/p><\/div>\n<\/p><\/div>\n<\/section>\n","protected":false},"excerpt":{"rendered":"<p>Randonn\u00e9es guid\u00e9es: les Alpilles et les Baux de Provence,l&rsquo;essence de la Provence En route vers Les Baux de Provence \u00a0 Depuis le petit col sur la route traversant la cha\u00eene des Alpilles, vous marcherez sur la cr\u00eate durant l&rsquo;essentiel de la marche, b\u00e9n\u00e9ficiant de beaux points de vue dans toutes les directions. Et soudain, au &hellip;<\/p>\n","protected":false},"author":1,"featured_media":0,"parent":43,"menu_order":0,"comment_status":"closed","ping_status":"closed","template":"template-builder.php","meta":{"footnotes":""},"class_list":["post-68","page","type-page","status-publish","hentry"],"yoast_head":"<!-- This site is optimized with the Yoast SEO plugin v27.4 - https:\/\/yoast.com\/product\/yoast-seo-wordpress\/ -->\n<title>Les Alpilles et Les Baux de Provence | En route Provence<\/title>\n<meta name=\"description\" content=\"Come and discover Provence&#039;s outdoors on foot, escorted by a local walking guide, and get the most of its multiple faces : the pretty Provence towns and villages, from Gordes, Roussillon, St-Tropez, Vence or Bormes les Mimosas to St Remy or Les Baux de Provence, lush vineyards, colorful countryside and bright rugged landscapes like those of the Calanques National Park. Whatever your plan: the best of day trips from Nice or Marseille, a daily walk over one week in the Luberon or just the ascent of Mont Ventoux or Sainte-Victoire, we can provide you our experience and knowledge.\" \/>\n<meta name=\"robots\" content=\"index, follow, max-snippet:-1, max-image-preview:large, max-video-preview:-1\" \/>\n<link rel=\"canonical\" href=\"https:\/\/www.enrouteprovence.fr\/hiking-walking-tours-provence-france\/regions\/hiking-st-remy-les-baux-de-provence-alpilles\" \/>\n<meta property=\"og:locale\" content=\"fr_FR\" \/>\n<meta property=\"og:type\" content=\"article\" \/>\n<meta property=\"og:title\" content=\"Les Alpilles et Les Baux de Provence | En route Provence\" \/>\n<meta property=\"og:description\" content=\"Come and discover Provence&#039;s outdoors on foot, escorted by a local walking guide, and get the most of its multiple faces : the pretty Provence towns and villages, from Gordes, Roussillon, St-Tropez, Vence or Bormes les Mimosas to St Remy or Les Baux de Provence, lush vineyards, colorful countryside and bright rugged landscapes like those of the Calanques National Park. Whatever your plan: the best of day trips from Nice or Marseille, a daily walk over one week in the Luberon or just the ascent of Mont Ventoux or Sainte-Victoire, we can provide you our experience and knowledge.\" \/>\n<meta property=\"og:url\" content=\"https:\/\/www.enrouteprovence.fr\/hiking-walking-tours-provence-france\/regions\/hiking-st-remy-les-baux-de-provence-alpilles\" \/>\n<meta property=\"og:site_name\" content=\"En route Provence\" \/>\n<meta property=\"article:modified_time\" content=\"2023-04-26T18:12:40+00:00\" \/>\n<meta property=\"og:image\" content=\"https:\/\/www.enrouteprovence.fr\/wp-content\/uploads\/2023\/03\/baux-de-provence_pxb2-1024x805.jpg\" \/>\n<meta name=\"twitter:card\" content=\"summary_large_image\" \/>\n<meta name=\"twitter:label1\" content=\"Dur\u00e9e de lecture estim\u00e9e\" \/>\n\t<meta name=\"twitter:data1\" content=\"4 minutes\" \/>\n<script type=\"application\/ld+json\" class=\"yoast-schema-graph\">{\"@context\":\"https:\\\/\\\/schema.org\",\"@graph\":[{\"@type\":\"WebPage\",\"@id\":\"https:\\\/\\\/www.enrouteprovence.fr\\\/hiking-walking-tours-provence-france\\\/regions\\\/hiking-st-remy-les-baux-de-provence-alpilles\",\"url\":\"https:\\\/\\\/www.enrouteprovence.fr\\\/hiking-walking-tours-provence-france\\\/regions\\\/hiking-st-remy-les-baux-de-provence-alpilles\",\"name\":\"Les Alpilles et Les Baux de Provence | En route Provence\",\"isPartOf\":{\"@id\":\"https:\\\/\\\/www.enrouteprovence.fr\\\/hiking-walking-tours-provence-france\\\/#website\"},\"primaryImageOfPage\":{\"@id\":\"https:\\\/\\\/www.enrouteprovence.fr\\\/hiking-walking-tours-provence-france\\\/regions\\\/hiking-st-remy-les-baux-de-provence-alpilles#primaryimage\"},\"image\":{\"@id\":\"https:\\\/\\\/www.enrouteprovence.fr\\\/hiking-walking-tours-provence-france\\\/regions\\\/hiking-st-remy-les-baux-de-provence-alpilles#primaryimage\"},\"thumbnailUrl\":\"https:\\\/\\\/www.enrouteprovence.fr\\\/wp-content\\\/uploads\\\/2023\\\/03\\\/baux-de-provence_pxb2-1024x805.jpg\",\"datePublished\":\"2016-01-20T13:54:20+00:00\",\"dateModified\":\"2023-04-26T18:12:40+00:00\",\"description\":\"Come and discover Provence's outdoors on foot, escorted by a local walking guide, and get the most of its multiple faces : the pretty Provence towns and villages, from Gordes, Roussillon, St-Tropez, Vence or Bormes les Mimosas to St Remy or Les Baux de Provence, lush vineyards, colorful countryside and bright rugged landscapes like those of the Calanques National Park. Whatever your plan: the best of day trips from Nice or Marseille, a daily walk over one week in the Luberon or just the ascent of Mont Ventoux or Sainte-Victoire, we can provide you our experience and knowledge.\",\"breadcrumb\":{\"@id\":\"https:\\\/\\\/www.enrouteprovence.fr\\\/hiking-walking-tours-provence-france\\\/regions\\\/hiking-st-remy-les-baux-de-provence-alpilles#breadcrumb\"},\"inLanguage\":\"fr-FR\",\"potentialAction\":[{\"@type\":\"ReadAction\",\"target\":[\"https:\\\/\\\/www.enrouteprovence.fr\\\/hiking-walking-tours-provence-france\\\/regions\\\/hiking-st-remy-les-baux-de-provence-alpilles\"]}]},{\"@type\":\"ImageObject\",\"inLanguage\":\"fr-FR\",\"@id\":\"https:\\\/\\\/www.enrouteprovence.fr\\\/hiking-walking-tours-provence-france\\\/regions\\\/hiking-st-remy-les-baux-de-provence-alpilles#primaryimage\",\"url\":\"https:\\\/\\\/www.enrouteprovence.fr\\\/wp-content\\\/uploads\\\/2023\\\/03\\\/baux-de-provence_pxb2-1024x805.jpg\",\"contentUrl\":\"https:\\\/\\\/www.enrouteprovence.fr\\\/wp-content\\\/uploads\\\/2023\\\/03\\\/baux-de-provence_pxb2-1024x805.jpg\"},{\"@type\":\"BreadcrumbList\",\"@id\":\"https:\\\/\\\/www.enrouteprovence.fr\\\/hiking-walking-tours-provence-france\\\/regions\\\/hiking-st-remy-les-baux-de-provence-alpilles#breadcrumb\",\"itemListElement\":[{\"@type\":\"ListItem\",\"position\":1,\"name\":\"Home\",\"item\":\"https:\\\/\\\/www.enrouteprovence.fr\\\/hiking-walking-tours-provence-france\\\/fr\"},{\"@type\":\"ListItem\",\"position\":2,\"name\":\"R\u00e9gions\",\"item\":\"https:\\\/\\\/www.enrouteprovence.fr\\\/hiking-walking-tours-provence-france\\\/fr\\\/regions\"},{\"@type\":\"ListItem\",\"position\":3,\"name\":\"Les Alpilles et Les Baux de Provence\"}]},{\"@type\":\"WebSite\",\"@id\":\"https:\\\/\\\/www.enrouteprovence.fr\\\/hiking-walking-tours-provence-france\\\/#website\",\"url\":\"https:\\\/\\\/www.enrouteprovence.fr\\\/hiking-walking-tours-provence-france\\\/\",\"name\":\"En route Provence\",\"description\":\"Walking Provence with a local guide\",\"publisher\":{\"@id\":\"https:\\\/\\\/www.enrouteprovence.fr\\\/hiking-walking-tours-provence-france\\\/#\\\/schema\\\/person\\\/af05f7bb993f95aa77136a6845e974d1\"},\"potentialAction\":[{\"@type\":\"SearchAction\",\"target\":{\"@type\":\"EntryPoint\",\"urlTemplate\":\"https:\\\/\\\/www.enrouteprovence.fr\\\/hiking-walking-tours-provence-france\\\/?s={search_term_string}\"},\"query-input\":{\"@type\":\"PropertyValueSpecification\",\"valueRequired\":true,\"valueName\":\"search_term_string\"}}],\"inLanguage\":\"fr-FR\"},{\"@type\":[\"Person\",\"Organization\"],\"@id\":\"https:\\\/\\\/www.enrouteprovence.fr\\\/hiking-walking-tours-provence-france\\\/#\\\/schema\\\/person\\\/af05f7bb993f95aa77136a6845e974d1\",\"name\":\"jean-bernard-jb\",\"image\":{\"@type\":\"ImageObject\",\"inLanguage\":\"fr-FR\",\"@id\":\"https:\\\/\\\/secure.gravatar.com\\\/avatar\\\/25948e7e644d7187247bba1791838724eaccec85389611bf578fb1d316dab3d9?s=96&d=mm&r=g\",\"url\":\"https:\\\/\\\/secure.gravatar.com\\\/avatar\\\/25948e7e644d7187247bba1791838724eaccec85389611bf578fb1d316dab3d9?s=96&d=mm&r=g\",\"contentUrl\":\"https:\\\/\\\/secure.gravatar.com\\\/avatar\\\/25948e7e644d7187247bba1791838724eaccec85389611bf578fb1d316dab3d9?s=96&d=mm&r=g\",\"caption\":\"jean-bernard-jb\"},\"logo\":{\"@id\":\"https:\\\/\\\/secure.gravatar.com\\\/avatar\\\/25948e7e644d7187247bba1791838724eaccec85389611bf578fb1d316dab3d9?s=96&d=mm&r=g\"}}]}<\/script>\n<!-- \/ Yoast SEO plugin. -->","yoast_head_json":{"title":"Les Alpilles et Les Baux de Provence | En route Provence","description":"Come and discover Provence's outdoors on foot, escorted by a local walking guide, and get the most of its multiple faces : the pretty Provence towns and villages, from Gordes, Roussillon, St-Tropez, Vence or Bormes les Mimosas to St Remy or Les Baux de Provence, lush vineyards, colorful countryside and bright rugged landscapes like those of the Calanques National Park. Whatever your plan: the best of day trips from Nice or Marseille, a daily walk over one week in the Luberon or just the ascent of Mont Ventoux or Sainte-Victoire, we can provide you our experience and knowledge.","robots":{"index":"index","follow":"follow","max-snippet":"max-snippet:-1","max-image-preview":"max-image-preview:large","max-video-preview":"max-video-preview:-1"},"canonical":"https:\/\/www.enrouteprovence.fr\/hiking-walking-tours-provence-france\/regions\/hiking-st-remy-les-baux-de-provence-alpilles","og_locale":"fr_FR","og_type":"article","og_title":"Les Alpilles et Les Baux de Provence | En route Provence","og_description":"Come and discover Provence's outdoors on foot, escorted by a local walking guide, and get the most of its multiple faces : the pretty Provence towns and villages, from Gordes, Roussillon, St-Tropez, Vence or Bormes les Mimosas to St Remy or Les Baux de Provence, lush vineyards, colorful countryside and bright rugged landscapes like those of the Calanques National Park. Whatever your plan: the best of day trips from Nice or Marseille, a daily walk over one week in the Luberon or just the ascent of Mont Ventoux or Sainte-Victoire, we can provide you our experience and knowledge.","og_url":"https:\/\/www.enrouteprovence.fr\/hiking-walking-tours-provence-france\/regions\/hiking-st-remy-les-baux-de-provence-alpilles","og_site_name":"En route Provence","article_modified_time":"2023-04-26T18:12:40+00:00","og_image":[{"url":"https:\/\/www.enrouteprovence.fr\/wp-content\/uploads\/2023\/03\/baux-de-provence_pxb2-1024x805.jpg","type":"","width":"","height":""}],"twitter_card":"summary_large_image","twitter_misc":{"Dur\u00e9e de lecture estim\u00e9e":"4 minutes"},"schema":{"@context":"https:\/\/schema.org","@graph":[{"@type":"WebPage","@id":"https:\/\/www.enrouteprovence.fr\/hiking-walking-tours-provence-france\/regions\/hiking-st-remy-les-baux-de-provence-alpilles","url":"https:\/\/www.enrouteprovence.fr\/hiking-walking-tours-provence-france\/regions\/hiking-st-remy-les-baux-de-provence-alpilles","name":"Les Alpilles et Les Baux de Provence | En route Provence","isPartOf":{"@id":"https:\/\/www.enrouteprovence.fr\/hiking-walking-tours-provence-france\/#website"},"primaryImageOfPage":{"@id":"https:\/\/www.enrouteprovence.fr\/hiking-walking-tours-provence-france\/regions\/hiking-st-remy-les-baux-de-provence-alpilles#primaryimage"},"image":{"@id":"https:\/\/www.enrouteprovence.fr\/hiking-walking-tours-provence-france\/regions\/hiking-st-remy-les-baux-de-provence-alpilles#primaryimage"},"thumbnailUrl":"https:\/\/www.enrouteprovence.fr\/wp-content\/uploads\/2023\/03\/baux-de-provence_pxb2-1024x805.jpg","datePublished":"2016-01-20T13:54:20+00:00","dateModified":"2023-04-26T18:12:40+00:00","description":"Come and discover Provence's outdoors on foot, escorted by a local walking guide, and get the most of its multiple faces : the pretty Provence towns and villages, from Gordes, Roussillon, St-Tropez, Vence or Bormes les Mimosas to St Remy or Les Baux de Provence, lush vineyards, colorful countryside and bright rugged landscapes like those of the Calanques National Park. Whatever your plan: the best of day trips from Nice or Marseille, a daily walk over one week in the Luberon or just the ascent of Mont Ventoux or Sainte-Victoire, we can provide you our experience and knowledge.","breadcrumb":{"@id":"https:\/\/www.enrouteprovence.fr\/hiking-walking-tours-provence-france\/regions\/hiking-st-remy-les-baux-de-provence-alpilles#breadcrumb"},"inLanguage":"fr-FR","potentialAction":[{"@type":"ReadAction","target":["https:\/\/www.enrouteprovence.fr\/hiking-walking-tours-provence-france\/regions\/hiking-st-remy-les-baux-de-provence-alpilles"]}]},{"@type":"ImageObject","inLanguage":"fr-FR","@id":"https:\/\/www.enrouteprovence.fr\/hiking-walking-tours-provence-france\/regions\/hiking-st-remy-les-baux-de-provence-alpilles#primaryimage","url":"https:\/\/www.enrouteprovence.fr\/wp-content\/uploads\/2023\/03\/baux-de-provence_pxb2-1024x805.jpg","contentUrl":"https:\/\/www.enrouteprovence.fr\/wp-content\/uploads\/2023\/03\/baux-de-provence_pxb2-1024x805.jpg"},{"@type":"BreadcrumbList","@id":"https:\/\/www.enrouteprovence.fr\/hiking-walking-tours-provence-france\/regions\/hiking-st-remy-les-baux-de-provence-alpilles#breadcrumb","itemListElement":[{"@type":"ListItem","position":1,"name":"Home","item":"https:\/\/www.enrouteprovence.fr\/hiking-walking-tours-provence-france\/fr"},{"@type":"ListItem","position":2,"name":"R\u00e9gions","item":"https:\/\/www.enrouteprovence.fr\/hiking-walking-tours-provence-france\/fr\/regions"},{"@type":"ListItem","position":3,"name":"Les Alpilles et Les Baux de Provence"}]},{"@type":"WebSite","@id":"https:\/\/www.enrouteprovence.fr\/hiking-walking-tours-provence-france\/#website","url":"https:\/\/www.enrouteprovence.fr\/hiking-walking-tours-provence-france\/","name":"En route Provence","description":"Walking Provence with a local guide","publisher":{"@id":"https:\/\/www.enrouteprovence.fr\/hiking-walking-tours-provence-france\/#\/schema\/person\/af05f7bb993f95aa77136a6845e974d1"},"potentialAction":[{"@type":"SearchAction","target":{"@type":"EntryPoint","urlTemplate":"https:\/\/www.enrouteprovence.fr\/hiking-walking-tours-provence-france\/?s={search_term_string}"},"query-input":{"@type":"PropertyValueSpecification","valueRequired":true,"valueName":"search_term_string"}}],"inLanguage":"fr-FR"},{"@type":["Person","Organization"],"@id":"https:\/\/www.enrouteprovence.fr\/hiking-walking-tours-provence-france\/#\/schema\/person\/af05f7bb993f95aa77136a6845e974d1","name":"jean-bernard-jb","image":{"@type":"ImageObject","inLanguage":"fr-FR","@id":"https:\/\/secure.gravatar.com\/avatar\/25948e7e644d7187247bba1791838724eaccec85389611bf578fb1d316dab3d9?s=96&d=mm&r=g","url":"https:\/\/secure.gravatar.com\/avatar\/25948e7e644d7187247bba1791838724eaccec85389611bf578fb1d316dab3d9?s=96&d=mm&r=g","contentUrl":"https:\/\/secure.gravatar.com\/avatar\/25948e7e644d7187247bba1791838724eaccec85389611bf578fb1d316dab3d9?s=96&d=mm&r=g","caption":"jean-bernard-jb"},"logo":{"@id":"https:\/\/secure.gravatar.com\/avatar\/25948e7e644d7187247bba1791838724eaccec85389611bf578fb1d316dab3d9?s=96&d=mm&r=g"}}]}},"_links":{"self":[{"href":"https:\/\/www.enrouteprovence.fr\/hiking-walking-tours-provence-france\/fr\/wp-json\/wp\/v2\/pages\/68","targetHints":{"allow":["GET"]}}],"collection":[{"href":"https:\/\/www.enrouteprovence.fr\/hiking-walking-tours-provence-france\/fr\/wp-json\/wp\/v2\/pages"}],"about":[{"href":"https:\/\/www.enrouteprovence.fr\/hiking-walking-tours-provence-france\/fr\/wp-json\/wp\/v2\/types\/page"}],"author":[{"embeddable":true,"href":"https:\/\/www.enrouteprovence.fr\/hiking-walking-tours-provence-france\/fr\/wp-json\/wp\/v2\/users\/1"}],"replies":[{"embeddable":true,"href":"https:\/\/www.enrouteprovence.fr\/hiking-walking-tours-provence-france\/fr\/wp-json\/wp\/v2\/comments?post=68"}],"version-history":[{"count":28,"href":"https:\/\/www.enrouteprovence.fr\/hiking-walking-tours-provence-france\/fr\/wp-json\/wp\/v2\/pages\/68\/revisions"}],"predecessor-version":[{"id":15093,"href":"https:\/\/www.enrouteprovence.fr\/hiking-walking-tours-provence-france\/fr\/wp-json\/wp\/v2\/pages\/68\/revisions\/15093"}],"up":[{"embeddable":true,"href":"https:\/\/www.enrouteprovence.fr\/hiking-walking-tours-provence-france\/fr\/wp-json\/wp\/v2\/pages\/43"}],"wp:attachment":[{"href":"https:\/\/www.enrouteprovence.fr\/hiking-walking-tours-provence-france\/fr\/wp-json\/wp\/v2\/media?parent=68"}],"curies":[{"name":"wp","href":"https:\/\/api.w.org\/{rel}","templated":true}]}}