{"id":76,"date":"2016-01-20T15:35:57","date_gmt":"2016-01-20T14:35:57","guid":{"rendered":"http:\/\/www.enrouteprovence.fr\/?page_id=76"},"modified":"2023-04-02T07:41:25","modified_gmt":"2023-04-02T06:41:25","slug":"le-luberon","status":"publish","type":"page","link":"https:\/\/www.enrouteprovence.fr\/hiking-walking-tours-provence-france\/fr\/regions\/le-luberon","title":{"rendered":"Le Luberon"},"content":{"rendered":"<section id=\"builder-section-1453300151673\" class=\"builder-section-first builder-section builder-section-banner builder-section-next-text\" style=\"background-repeat: repeat;background-position: center center;\">\n<div class=\"builder-section-content\">\n<div class=\"builder-banner-slide content-position-none\" style=\"background-color:#1e73be;\">\n<div class=\"builder-banner-content\">\n<div class=\"builder-banner-inner-content\">\n<h2 style=\"text-align: center;\"><span style=\"color: #ffffff;\">Randonn\u00e9es guid\u00e9es dans le Luberon,<\/span><br \/><small><span style=\"color: #ffffff;\">autour de ses villages, \u00e0 travers sa nature remarquable, \u00e0 la d\u00e9couverte de sites d&rsquo;exception<\/span>\u00a0<\/small><\/h2>\n<\/p><\/div>\n<\/p><\/div>\n<\/p><\/div>\n<\/p><\/div>\n<\/section>\n<section id=\"builder-section-1453300259419\" class=\"builder-section-prev-banner builder-section builder-section-text builder-section-next-text builder-section-full-width builder-text-columns-2\" style=\"background-repeat: repeat;background-position: center center;\">\n<div class=\"builder-section-content\">\n<div class=\"builder-text-row\">\n<div class=\"builder-text-column builder-text-column-1\" id=\"builder-section-1453300259419-column-1\">\n<div class=\"builder-text-content\">\n<p><img data-recalc-dims=\"1\" loading=\"lazy\" decoding=\"async\" src=\"https:\/\/i0.wp.com\/www.enrouteprovence.fr\/wp-content\/uploads\/2016\/01\/Colorado-3_1.jpg?resize=670%2C516&#038;ssl=1\" width=\"670\" height=\"516\" class=\"alignnone size-full wp-image-477\" srcset=\"https:\/\/i0.wp.com\/www.enrouteprovence.fr\/wp-content\/uploads\/2016\/01\/Colorado-3_1.jpg?w=670&amp;ssl=1 670w, https:\/\/i0.wp.com\/www.enrouteprovence.fr\/wp-content\/uploads\/2016\/01\/Colorado-3_1.jpg?resize=300%2C231&amp;ssl=1 300w\" sizes=\"auto, (max-width: 670px) 100vw, 670px\" \/><\/p>\n<\/p><\/div>\n<\/p><\/div>\n<div class=\"builder-text-column builder-text-column-2\" id=\"builder-section-1453300259419-column-2\">\n<div class=\"builder-text-content\">\n<h3 style=\"text-align: center;\"><strong>Les ocres du\u00a0<em>Colorado proven\u00e7al<\/em><\/strong><\/h3>\n<p>\u00a0<\/p>\n<p style=\"text-align: justify;\">Parmi les anciennes carri\u00e8res d&rsquo;ocre encore visibles dans le nord du Luberon, l&rsquo;un des lieux les plus fantastiques a pour nom le <em>Colorado<\/em> : ses paysages fascinants, sculpt\u00e9s \u00e0 la fois par la nature et par l&rsquo;homme, offrent une palette de couleurs variant du jaune safran au rouge sang, en incluant des sables blancs. En plus des vues saisissantes que vous pourrez admirer depuis le sentier, vous verrez quelques-uns des derniers vestiges de l&rsquo;industrie de l&rsquo;ocre, une activit\u00e9 \u00e9conomique florissante dans la r\u00e9gion aux 19\u00a0<sup>\u00e8me<\/sup> et 20<span style=\"color: #ffffff;\">\u00a0<\/span><sup>\u00e8me<\/sup> si\u00e8cles, \u00e0 propos de laquelle votre guide vous racontera des faits int\u00e9ressants.<\/p>\n<p>\u00a0<\/p>\n<p><strong>Dur\u00e9e de marche<\/strong>\u00a0: 3 heures<br \/><strong>Niveau<\/strong>\u00a0: assez facile<\/p>\n<\/p><\/div>\n<\/p><\/div>\n<\/p><\/div>\n<\/p><\/div>\n<\/section>\n<section id=\"builder-section-1453300380095\" class=\"builder-section-prev-text builder-section builder-section-text builder-section-next-text builder-section-full-width builder-text-columns-2\" style=\"background-repeat: repeat;background-position: center center;\">\n<div class=\"builder-section-content\">\n<div class=\"builder-text-row\">\n<div class=\"builder-text-column builder-text-column-1\" id=\"builder-section-1453300380095-column-1\">\n<div class=\"builder-text-content\">\n<h3 style=\"text-align: center;\"><strong>Les rochers des Mourres<\/strong><\/h3>\n<p>\u00a0<\/p>\n<p style=\"text-align: justify;\">Les rochers des<em>\u00a0Mourres\u00a0<\/em>se trouvent au nord-est du Luberon, pr\u00e8s de la charmante petite ville de <em>Forcalquier<\/em>. Ce site est fascinant car il compte plusieurs centaines de rochers aux formes \u00e9tranges : certains ressemblent \u00e0 de gigantesques champignons, d&rsquo;autres \u00e0 d&rsquo;\u00e9tranges t\u00eates animales g\u00e9antes. Du point le plus haut du sentier, le d\u00e9cor magnifique des Alpes \u00e0 l&rsquo;horizon s&rsquo;offrira \u00e0 votre regard. Et avant de boucler la promenade, vous aurez le plaisir de voir quelques <em>Cabanons Pointus<\/em>, ces cabanes en pierre s\u00e8che si typiques du <em>Pays de Forcalquier<\/em> en particulier, et du Luberon, plus g\u00e9n\u00e9ralement.<\/p>\n<p>\u00a0<\/p>\n<p style=\"text-align: justify;\"><strong>Dur\u00e9e de marche<\/strong>\u00a0: 4 heures<br \/><strong>Niveau<\/strong>\u00a0: assez facile<\/p>\n<\/p><\/div>\n<\/p><\/div>\n<div class=\"builder-text-column builder-text-column-2\" id=\"builder-section-1453300380095-column-2\">\n<div class=\"builder-text-content\">\n<p><img data-recalc-dims=\"1\" loading=\"lazy\" decoding=\"async\" class=\"alignnone size-full wp-image-307\" src=\"https:\/\/i0.wp.com\/www.enrouteprovence.fr\/wp-content\/uploads\/2016\/01\/Mourres.jpg?resize=850%2C638&#038;ssl=1\" width=\"850\" height=\"638\" srcset=\"https:\/\/i0.wp.com\/www.enrouteprovence.fr\/wp-content\/uploads\/2016\/01\/Mourres.jpg?w=945&amp;ssl=1 945w, https:\/\/i0.wp.com\/www.enrouteprovence.fr\/wp-content\/uploads\/2016\/01\/Mourres.jpg?resize=300%2C225&amp;ssl=1 300w, https:\/\/i0.wp.com\/www.enrouteprovence.fr\/wp-content\/uploads\/2016\/01\/Mourres.jpg?resize=768%2C576&amp;ssl=1 768w\" sizes=\"auto, (max-width: 850px) 100vw, 850px\" \/><\/p>\n<\/p><\/div>\n<\/p><\/div>\n<\/p><\/div>\n<\/p><\/div>\n<\/section>\n<section id=\"builder-section-1517649678066\" class=\"builder-section-prev-text builder-section builder-section-text builder-section-next-text builder-section-full-width builder-text-columns-2\" style=\"background-repeat: repeat;background-position: center center;\">\n<div class=\"builder-section-content\">\n<div class=\"builder-text-row\">\n<div class=\"builder-text-column builder-text-column-1\" id=\"builder-section-1517649678066-column-1\">\n<div class=\"builder-text-content\">\n<p><img data-recalc-dims=\"1\" loading=\"lazy\" decoding=\"async\" class=\"alignnone size-full wp-image-14261\" src=\"https:\/\/i0.wp.com\/www.enrouteprovence.fr\/wp-content\/uploads\/2023\/03\/abbaye_Senanque_pxb1.jpg?resize=960%2C695&#038;ssl=1\" alt=\"\" width=\"960\" height=\"695\" srcset=\"https:\/\/i0.wp.com\/www.enrouteprovence.fr\/wp-content\/uploads\/2023\/03\/abbaye_Senanque_pxb1.jpg?w=992&amp;ssl=1 992w, https:\/\/i0.wp.com\/www.enrouteprovence.fr\/wp-content\/uploads\/2023\/03\/abbaye_Senanque_pxb1.jpg?resize=300%2C217&amp;ssl=1 300w, https:\/\/i0.wp.com\/www.enrouteprovence.fr\/wp-content\/uploads\/2023\/03\/abbaye_Senanque_pxb1.jpg?resize=768%2C556&amp;ssl=1 768w, https:\/\/i0.wp.com\/www.enrouteprovence.fr\/wp-content\/uploads\/2023\/03\/abbaye_Senanque_pxb1.jpg?resize=24%2C17&amp;ssl=1 24w, https:\/\/i0.wp.com\/www.enrouteprovence.fr\/wp-content\/uploads\/2023\/03\/abbaye_Senanque_pxb1.jpg?resize=36%2C26&amp;ssl=1 36w, https:\/\/i0.wp.com\/www.enrouteprovence.fr\/wp-content\/uploads\/2023\/03\/abbaye_Senanque_pxb1.jpg?resize=48%2C35&amp;ssl=1 48w\" sizes=\"auto, (max-width: 960px) 100vw, 960px\" \/><\/p>\n<\/p><\/div>\n<\/p><\/div>\n<div class=\"builder-text-column builder-text-column-2\" id=\"builder-section-1517649678066-column-2\">\n<div class=\"builder-text-content\">\n<h3 style=\"text-align: center;\"><strong>Gordes, ses cabanes en pierre s\u00e8che<\/strong><br \/><strong>et l&rsquo;Abbaye de S\u00e9nanque<\/strong><\/h3>\n<h3 style=\"text-align: center;\"><strong>\u00a0<\/strong><\/h3>\n<p style=\"text-align: justify;\">Au cours de cette marche, vous pourrez admirer l&rsquo;une des plus belles petites villes de France, Gordes, et d\u00e9couvrir l&rsquo;architecture rurale exceptionnelle de ses alentours : des dizaines de cabanes et autres constructions des fermes d&rsquo;antan, telles que citernes, cuves \u00e0 vin, fours ou bergeries, toutes en pierre s\u00e8che. Un autre site d&rsquo;int\u00e9r\u00eat majeur est l&rsquo;<em>Abbaye de S\u00e9nanque<\/em>, nich\u00e9e dans une \u00e9troite vall\u00e9e au pied des\u00a0<em>Monts de Vaucluse<\/em>, et dont l&rsquo;harmonieux ensemble de b\u00e2timents est consid\u00e9r\u00e9 comme l&rsquo;un des plus beaux exemples de l&rsquo;architecture cistercienne.<\/p>\n<p>\u00a0<\/p>\n<p style=\"text-align: justify;\"><strong>Dur\u00e9e de marche<\/strong>\u00a0: 4 heures<br \/><strong>Niveau<\/strong>\u00a0: assez facile<\/p>\n<\/p><\/div>\n<\/p><\/div>\n<\/p><\/div>\n<\/p><\/div>\n<\/section>\n<section id=\"builder-section-1517664450622\" class=\"builder-section-prev-text builder-section builder-section-text builder-section-next-text builder-section-full-width builder-text-columns-2\" style=\"background-repeat: repeat;background-position: center center;\">\n<div class=\"builder-section-content\">\n<div class=\"builder-text-row\">\n<div class=\"builder-text-column builder-text-column-1\" id=\"builder-section-1517664450622-column-1\">\n<div class=\"builder-text-content\">\n<h3 style=\"text-align: center;\"><strong>De Lacoste \u00e0 Bonnieux,\u00a0<\/strong><br \/><strong>deux villages \u00e0 flanc de coteau<\/strong><\/h3>\n<h3 style=\"text-align: center;\"><strong>\u00a0<\/strong><\/h3>\n<p style=\"text-align: justify;\">Depuis des si\u00e8cles ils se font face, chacun sur sa colline, au pied de la montagne du Luberon. Depuis <em>Lacoste<\/em>, domin\u00e9 par les ruines de son imposant ch\u00e2teau, qui a appartenu au\u00a0<em>Marquis de Sade<\/em>, vous traverserez oliveraies et truffi\u00e8res, vignes et champs de lavande, un paysage qui vous donnera rapidement un sentiment de couleur locale. Sur l&rsquo;itin\u00e9raire le plus long, vous gravirez les pentes du Luberon jusqu&rsquo;\u00e0 la for\u00eat de C\u00e8dres.\u00a0Au cours de la descente, vous b\u00e9n\u00e9ficierez de nombreux points de vue sur\u00a0<em>Bonnieux<\/em>\u00a0et sur ses terrasses tr\u00e8s pittoresques : le panorama s&rsquo;y \u00e9tend de\u00a0<em>Lacoste<\/em>\u00a0\u00e0\u00a0<em>Roussillon<\/em>\u00a0et\u00a0<em>Gordes<\/em>, trois des plus beaux villages perch\u00e9s, incluant le <em>mont Ventoux<\/em>\u00a0visible en arri\u00e8re-plan.<\/p>\n<p>\u00a0<\/p>\n<p style=\"text-align: justify;\"><strong>Dur\u00e9e de marche<\/strong> (incluant la visite des villages) :\u00a0 <br \/>3h30 (circuit court) \/ 5h30 (circuit long)\u00a0<br \/><strong>Niveau<\/strong>\u00a0: d&rsquo;assez facile \u00e0 mod\u00e9r\u00e9 (terrain caillouteux)<\/p>\n<\/p><\/div>\n<\/p><\/div>\n<div class=\"builder-text-column builder-text-column-2\" id=\"builder-section-1517664450622-column-2\">\n<div class=\"builder-text-content\">\n<p><img data-recalc-dims=\"1\" loading=\"lazy\" decoding=\"async\" class=\"alignnone size-full wp-image-2004 aligncenter\" src=\"https:\/\/i0.wp.com\/www.enrouteprovence.fr\/wp-content\/uploads\/2016\/01\/hikers-on-a-trail_recadr%C3%A9.jpg?resize=672%2C596&#038;ssl=1\" width=\"672\" height=\"596\" srcset=\"https:\/\/i0.wp.com\/www.enrouteprovence.fr\/wp-content\/uploads\/2016\/01\/hikers-on-a-trail_recadr%C3%A9.jpg?w=448&amp;ssl=1 448w, https:\/\/i0.wp.com\/www.enrouteprovence.fr\/wp-content\/uploads\/2016\/01\/hikers-on-a-trail_recadr%C3%A9.jpg?resize=300%2C266&amp;ssl=1 300w\" sizes=\"auto, (max-width: 672px) 100vw, 672px\" \/><\/p>\n<\/p><\/div>\n<\/p><\/div>\n<\/p><\/div>\n<\/p><\/div>\n<\/section>\n<section id=\"builder-section-1517666687691\" class=\"builder-section-prev-text builder-section builder-section-text builder-section-next-text builder-section-full-width builder-text-columns-2\" style=\"background-repeat: repeat;background-position: center center;\">\n<div class=\"builder-section-content\">\n<div class=\"builder-text-row\">\n<div class=\"builder-text-column builder-text-column-1\" id=\"builder-section-1517666687691-column-1\">\n<div class=\"builder-text-content\">\n<p><img data-recalc-dims=\"1\" loading=\"lazy\" decoding=\"async\" class=\"alignnone size-large wp-image-14277\" src=\"https:\/\/i0.wp.com\/www.enrouteprovence.fr\/wp-content\/uploads\/2023\/03\/Chp_coqueli_montagne_1-1.jpg?resize=960%2C789&#038;ssl=1\" alt=\"\" width=\"960\" height=\"789\" srcset=\"https:\/\/i0.wp.com\/www.enrouteprovence.fr\/wp-content\/uploads\/2023\/03\/Chp_coqueli_montagne_1-1-e1709416483744.jpg?resize=1024%2C842&amp;ssl=1 1024w, https:\/\/i0.wp.com\/www.enrouteprovence.fr\/wp-content\/uploads\/2023\/03\/Chp_coqueli_montagne_1-1-e1709416483744.jpg?resize=300%2C247&amp;ssl=1 300w, https:\/\/i0.wp.com\/www.enrouteprovence.fr\/wp-content\/uploads\/2023\/03\/Chp_coqueli_montagne_1-1-e1709416483744.jpg?resize=768%2C632&amp;ssl=1 768w, https:\/\/i0.wp.com\/www.enrouteprovence.fr\/wp-content\/uploads\/2023\/03\/Chp_coqueli_montagne_1-1-e1709416483744.jpg?resize=1536%2C1263&amp;ssl=1 1536w, https:\/\/i0.wp.com\/www.enrouteprovence.fr\/wp-content\/uploads\/2023\/03\/Chp_coqueli_montagne_1-1-e1709416483744.jpg?resize=24%2C20&amp;ssl=1 24w, https:\/\/i0.wp.com\/www.enrouteprovence.fr\/wp-content\/uploads\/2023\/03\/Chp_coqueli_montagne_1-1-e1709416483744.jpg?resize=36%2C30&amp;ssl=1 36w, https:\/\/i0.wp.com\/www.enrouteprovence.fr\/wp-content\/uploads\/2023\/03\/Chp_coqueli_montagne_1-1-e1709416483744.jpg?resize=48%2C39&amp;ssl=1 48w, https:\/\/i0.wp.com\/www.enrouteprovence.fr\/wp-content\/uploads\/2023\/03\/Chp_coqueli_montagne_1-1-e1709416483744.jpg?w=1920&amp;ssl=1 1920w\" sizes=\"auto, (max-width: 960px) 100vw, 960px\" \/><\/p>\n<\/p><\/div>\n<\/p><\/div>\n<div class=\"builder-text-column builder-text-column-2\" id=\"builder-section-1517666687691-column-2\">\n<div class=\"builder-text-content\">\n<h3>\u00a0<\/h3>\n<h3 style=\"text-align: center;\"><strong>L&rsquo;ascension du Mourre-N\u00e8gre,<br \/>point culminant du Luberon<\/strong><\/h3>\n<p>\u00a0<\/p>\n<p style=\"text-align: justify;\">Cette randonn\u00e9e vous emm\u00e8ne en deux heures au sommet de la montagne du Luberon, depuis <em>Castellet<\/em>, un minuscule village du versant nord. Si la pente est raide \u00e0 travers la for\u00eat de ch\u00eanes pubescents, le jeu en vaut la chandelle : depuis le <em>Mourre-N\u00e8gre<\/em>, la vue \u00e0 360\u00b0 vous permettra d&rsquo;admirer toutes les montagne de Provence et, si l&rsquo;horizon n&rsquo;est pas rendu informe par la brume de chaleur, la mer M\u00e9diterran\u00e9e.<\/p>\n<p>\u00a0<\/p>\n<p style=\"text-align: justify;\"><strong>Dur\u00e9e de marche<\/strong>\u00a0: 4 heures<br \/><strong>Niveau<\/strong>\u00a0: soutenu (pentes raides)<\/p>\n<\/p><\/div>\n<\/p><\/div>\n<\/p><\/div>\n<\/p><\/div>\n<\/section>\n<section id=\"builder-section-1518079986148\" class=\"builder-section-prev-text builder-section builder-section-text builder-section-next-text builder-section-full-width builder-text-columns-2\" style=\"background-repeat: repeat;background-position: center center;\">\n<div class=\"builder-section-content\">\n<div class=\"builder-text-row\">\n<div class=\"builder-text-column builder-text-column-1\" id=\"builder-section-1518079986148-column-1\">\n<div class=\"builder-text-content\">\n<h3>\u00a0<\/h3>\n<h3 style=\"text-align: center;\"><strong>Les gorges de R\u00e9galon et l&rsquo;histoire <br \/><\/strong><strong>des Vaudois dans le Luberon<\/strong><\/h3>\n<p>\u00a0<\/p>\n<p style=\"text-align: justify;\">Cette randonn\u00e9e sera l&rsquo;occasion pour vous d&rsquo;apprendre l&rsquo;histoire des\u00a0<em>Vaudois<\/em>\u00a0dans le\u00a0Luberon au 16\u00a0<sup>\u00e8me<\/sup> s. D\u00e9marrant de\u00a0<em>M\u00e9rindol<\/em>, un village dans la vall\u00e9e de la Durance,\u00a0 elle vous emm\u00e8ne ensuite sur les\u00a0plateaux pierreux au pied de la montagne du Petit Luberon. Elle se termine par la descente d&rsquo;un \u00e9troit et spectaculaire canyon, tr\u00e8s particulier en raison de la v\u00e9g\u00e9tation luxuriante qui y pousse, les\u00a0<em>Gorges de R\u00e9galon<\/em>, au-dessus desquelles des falaises de\u00a0plus de 80 m de haut s&rsquo;\u00e9l\u00e8vent au-dessus du sentier.<\/p>\n<p>\u00a0<\/p>\n<p style=\"text-align: justify;\"><strong>Dur\u00e9e de marche<\/strong>\u00a0: 5 heures<br \/><strong>Niveau<\/strong>\u00a0: mod\u00e9r\u00e9 (sections pierreuses)<\/p>\n<\/p><\/div>\n<\/p><\/div>\n<div class=\"builder-text-column builder-text-column-2\" id=\"builder-section-1518079986148-column-2\">\n<div class=\"builder-text-content\">\n<p><img data-recalc-dims=\"1\" loading=\"lazy\" decoding=\"async\" class=\"alignnone size-large wp-image-14650\" src=\"https:\/\/i0.wp.com\/www.enrouteprovence.fr\/wp-content\/uploads\/2023\/04\/Gorges_regalon_2-1.jpg?resize=960%2C888&#038;ssl=1\" alt=\"\" width=\"960\" height=\"888\" srcset=\"https:\/\/i0.wp.com\/www.enrouteprovence.fr\/wp-content\/uploads\/2023\/04\/Gorges_regalon_2-1.jpg?resize=1024%2C947&amp;ssl=1 1024w, https:\/\/i0.wp.com\/www.enrouteprovence.fr\/wp-content\/uploads\/2023\/04\/Gorges_regalon_2-1.jpg?resize=300%2C277&amp;ssl=1 300w, https:\/\/i0.wp.com\/www.enrouteprovence.fr\/wp-content\/uploads\/2023\/04\/Gorges_regalon_2-1.jpg?resize=768%2C710&amp;ssl=1 768w, https:\/\/i0.wp.com\/www.enrouteprovence.fr\/wp-content\/uploads\/2023\/04\/Gorges_regalon_2-1.jpg?resize=24%2C22&amp;ssl=1 24w, https:\/\/i0.wp.com\/www.enrouteprovence.fr\/wp-content\/uploads\/2023\/04\/Gorges_regalon_2-1.jpg?resize=36%2C33&amp;ssl=1 36w, https:\/\/i0.wp.com\/www.enrouteprovence.fr\/wp-content\/uploads\/2023\/04\/Gorges_regalon_2-1.jpg?resize=48%2C44&amp;ssl=1 48w, https:\/\/i0.wp.com\/www.enrouteprovence.fr\/wp-content\/uploads\/2023\/04\/Gorges_regalon_2-1.jpg?w=1524&amp;ssl=1 1524w\" sizes=\"auto, (max-width: 960px) 100vw, 960px\" \/><\/p>\n<\/p><\/div>\n<\/p><\/div>\n<\/p><\/div>\n<\/p><\/div>\n<\/section>\n<section id=\"builder-section-1517668844702\" class=\"builder-section-prev-text builder-section builder-section-text builder-section-last builder-section-full-width builder-text-columns-2\" style=\"background-repeat: repeat;background-position: center center;\">\n<div class=\"builder-section-content\">\n<div class=\"builder-text-row\">\n<div class=\"builder-text-column builder-text-column-1\" id=\"builder-section-1517668844702-column-1\">\n<div class=\"builder-text-content\">\n<p><img data-recalc-dims=\"1\" loading=\"lazy\" decoding=\"async\" class=\"alignnone size-large wp-image-14655\" src=\"https:\/\/i0.wp.com\/www.enrouteprovence.fr\/wp-content\/uploads\/2023\/04\/Aiguebrun_cliffs_flick_1.jpg?resize=960%2C953&#038;ssl=1\" alt=\"\" width=\"960\" height=\"953\" srcset=\"https:\/\/i0.wp.com\/www.enrouteprovence.fr\/wp-content\/uploads\/2023\/04\/Aiguebrun_cliffs_flick_1.jpg?resize=1024%2C1017&amp;ssl=1 1024w, https:\/\/i0.wp.com\/www.enrouteprovence.fr\/wp-content\/uploads\/2023\/04\/Aiguebrun_cliffs_flick_1.jpg?resize=300%2C298&amp;ssl=1 300w, https:\/\/i0.wp.com\/www.enrouteprovence.fr\/wp-content\/uploads\/2023\/04\/Aiguebrun_cliffs_flick_1.jpg?resize=150%2C150&amp;ssl=1 150w, https:\/\/i0.wp.com\/www.enrouteprovence.fr\/wp-content\/uploads\/2023\/04\/Aiguebrun_cliffs_flick_1.jpg?resize=768%2C763&amp;ssl=1 768w, https:\/\/i0.wp.com\/www.enrouteprovence.fr\/wp-content\/uploads\/2023\/04\/Aiguebrun_cliffs_flick_1.jpg?resize=24%2C24&amp;ssl=1 24w, https:\/\/i0.wp.com\/www.enrouteprovence.fr\/wp-content\/uploads\/2023\/04\/Aiguebrun_cliffs_flick_1.jpg?resize=36%2C36&amp;ssl=1 36w, https:\/\/i0.wp.com\/www.enrouteprovence.fr\/wp-content\/uploads\/2023\/04\/Aiguebrun_cliffs_flick_1.jpg?resize=48%2C48&amp;ssl=1 48w, https:\/\/i0.wp.com\/www.enrouteprovence.fr\/wp-content\/uploads\/2023\/04\/Aiguebrun_cliffs_flick_1.jpg?w=1534&amp;ssl=1 1534w\" sizes=\"auto, (max-width: 960px) 100vw, 960px\" \/><\/p>\n<\/p><\/div>\n<\/p><\/div>\n<div class=\"builder-text-column builder-text-column-2\" id=\"builder-section-1517668844702-column-2\">\n<div class=\"builder-text-content\">\n<h3 style=\"text-align: center;\"><strong>Buoux et le vallon de l&rsquo;Aiguebrun<\/strong><\/h3>\n<p>\u00a0<\/p>\n<p style=\"text-align: justify;\">Les ruines impressionnantes du village m\u00e9di\u00e9val fortifi\u00e9 du <em>Fort de Buoux<\/em> s&rsquo;\u00e9tendent sur un \u00e9peron rocheux au-dessus des gorges de l&rsquo;Aiguebrun. Cet incroyable site se trouve en plein coeur des montagnes du\u00a0Luberon ; c&rsquo;est ce coin magnifique et paisible qu&rsquo;avait choisi, 50 000 ans plus t\u00f4t, l&rsquo;homme de N\u00e9anderthal pour s&rsquo;installer. Cet endroit est tr\u00e8s particulier en raison du contraste existant entre une vall\u00e9e fra\u00eeche et humide, \u00e0 la v\u00e9g\u00e9tation luxuriante et aux plantes temp\u00e9r\u00e9es, et un plateau aride, couvert aujourd&rsquo;hui de champs de lavande et de garrigue. Du fort du 16\u00a0<sup>\u00e8me<\/sup> s., de nombreux vestiges m\u00e9di\u00e9vaux subsistent : murs d\u00e9fensifs, tours de guet, habitations, citernes, silos \u00e0 grains, ainsi qu&rsquo;une chapelle. Et si l&rsquo;escalier d\u00e9rob\u00e9 est un moyen alternatif de descendre rapidement depuis le fort, il n&rsquo;est s\u00fbrement pas pour ceux qui ont le vertige !<\/p>\n<p>\u00a0<\/p>\n<p style=\"text-align: justify;\"><strong>Dur\u00e9e de marche<\/strong>\u00a0: 5 heures<br \/><strong>Niveau<\/strong>\u00a0: soutenu (sections raides et rocheuses)<\/p>\n<p style=\"text-align: justify;\">\u00a0<\/p>\n<\/p><\/div>\n<\/p><\/div>\n<\/p><\/div>\n<\/p><\/div>\n<\/section>\n","protected":false},"excerpt":{"rendered":"<p>Randonn\u00e9es guid\u00e9es dans le Luberon,autour de ses villages, \u00e0 travers sa nature remarquable, \u00e0 la d\u00e9couverte de sites d&rsquo;exception\u00a0 Les ocres du\u00a0Colorado proven\u00e7al \u00a0 Parmi les anciennes carri\u00e8res d&rsquo;ocre encore visibles dans le nord du Luberon, l&rsquo;un des lieux les plus fantastiques a pour nom le Colorado : ses paysages fascinants, sculpt\u00e9s \u00e0 la fois &hellip;<\/p>\n","protected":false},"author":1,"featured_media":0,"parent":43,"menu_order":0,"comment_status":"closed","ping_status":"closed","template":"template-builder.php","meta":{"footnotes":""},"class_list":["post-76","page","type-page","status-publish","hentry"],"yoast_head":"<!-- This site is optimized with the Yoast SEO plugin v27.4 - https:\/\/yoast.com\/product\/yoast-seo-wordpress\/ -->\n<title>Le Luberon | En route Provence<\/title>\n<meta name=\"description\" content=\"Come and discover Provence&#039;s outdoors on foot, escorted by a local walking guide, and get the most of its multiple faces : the pretty Provence towns and villages, from Gordes, Roussillon, St-Tropez, Vence or Bormes les Mimosas to St Remy or Les Baux de Provence, lush vineyards, colorful countryside and bright rugged landscapes like those of the Calanques National Park. Whatever your plan: the best of day trips from Nice or Marseille, a daily walk over one week in the Luberon or just the ascent of Mont Ventoux or Sainte-Victoire, we can provide you our experience and knowledge.\" \/>\n<meta name=\"robots\" content=\"index, follow, max-snippet:-1, max-image-preview:large, max-video-preview:-1\" \/>\n<link rel=\"canonical\" href=\"https:\/\/www.enrouteprovence.fr\/hiking-walking-tours-provence-france\/regions\/hiking-tours-luberon-gordes-villages\" \/>\n<meta property=\"og:locale\" content=\"fr_FR\" \/>\n<meta property=\"og:type\" content=\"article\" \/>\n<meta property=\"og:title\" content=\"Le Luberon | En route Provence\" \/>\n<meta property=\"og:description\" content=\"Come and discover Provence&#039;s outdoors on foot, escorted by a local walking guide, and get the most of its multiple faces : the pretty Provence towns and villages, from Gordes, Roussillon, St-Tropez, Vence or Bormes les Mimosas to St Remy or Les Baux de Provence, lush vineyards, colorful countryside and bright rugged landscapes like those of the Calanques National Park. Whatever your plan: the best of day trips from Nice or Marseille, a daily walk over one week in the Luberon or just the ascent of Mont Ventoux or Sainte-Victoire, we can provide you our experience and knowledge.\" \/>\n<meta property=\"og:url\" content=\"https:\/\/www.enrouteprovence.fr\/hiking-walking-tours-provence-france\/regions\/hiking-tours-luberon-gordes-villages\" \/>\n<meta property=\"og:site_name\" content=\"En route Provence\" \/>\n<meta property=\"article:modified_time\" content=\"2023-04-02T06:41:25+00:00\" \/>\n<meta property=\"og:image\" content=\"https:\/\/www.enrouteprovence.fr\/wp-content\/uploads\/2016\/01\/Colorado-3_1.jpg\" \/>\n<meta name=\"twitter:card\" content=\"summary_large_image\" \/>\n<meta name=\"twitter:label1\" content=\"Dur\u00e9e de lecture estim\u00e9e\" \/>\n\t<meta name=\"twitter:data1\" content=\"6 minutes\" \/>\n<script type=\"application\/ld+json\" class=\"yoast-schema-graph\">{\"@context\":\"https:\\\/\\\/schema.org\",\"@graph\":[{\"@type\":\"WebPage\",\"@id\":\"https:\\\/\\\/www.enrouteprovence.fr\\\/hiking-walking-tours-provence-france\\\/regions\\\/hiking-tours-luberon-gordes-villages\",\"url\":\"https:\\\/\\\/www.enrouteprovence.fr\\\/hiking-walking-tours-provence-france\\\/regions\\\/hiking-tours-luberon-gordes-villages\",\"name\":\"Le Luberon | En route Provence\",\"isPartOf\":{\"@id\":\"https:\\\/\\\/www.enrouteprovence.fr\\\/hiking-walking-tours-provence-france\\\/#website\"},\"primaryImageOfPage\":{\"@id\":\"https:\\\/\\\/www.enrouteprovence.fr\\\/hiking-walking-tours-provence-france\\\/regions\\\/hiking-tours-luberon-gordes-villages#primaryimage\"},\"image\":{\"@id\":\"https:\\\/\\\/www.enrouteprovence.fr\\\/hiking-walking-tours-provence-france\\\/regions\\\/hiking-tours-luberon-gordes-villages#primaryimage\"},\"thumbnailUrl\":\"https:\\\/\\\/www.enrouteprovence.fr\\\/wp-content\\\/uploads\\\/2016\\\/01\\\/Colorado-3_1.jpg\",\"datePublished\":\"2016-01-20T14:35:57+00:00\",\"dateModified\":\"2023-04-02T06:41:25+00:00\",\"description\":\"Come and discover Provence's outdoors on foot, escorted by a local walking guide, and get the most of its multiple faces : the pretty Provence towns and villages, from Gordes, Roussillon, St-Tropez, Vence or Bormes les Mimosas to St Remy or Les Baux de Provence, lush vineyards, colorful countryside and bright rugged landscapes like those of the Calanques National Park. Whatever your plan: the best of day trips from Nice or Marseille, a daily walk over one week in the Luberon or just the ascent of Mont Ventoux or Sainte-Victoire, we can provide you our experience and knowledge.\",\"breadcrumb\":{\"@id\":\"https:\\\/\\\/www.enrouteprovence.fr\\\/hiking-walking-tours-provence-france\\\/regions\\\/hiking-tours-luberon-gordes-villages#breadcrumb\"},\"inLanguage\":\"fr-FR\",\"potentialAction\":[{\"@type\":\"ReadAction\",\"target\":[\"https:\\\/\\\/www.enrouteprovence.fr\\\/hiking-walking-tours-provence-france\\\/regions\\\/hiking-tours-luberon-gordes-villages\"]}]},{\"@type\":\"ImageObject\",\"inLanguage\":\"fr-FR\",\"@id\":\"https:\\\/\\\/www.enrouteprovence.fr\\\/hiking-walking-tours-provence-france\\\/regions\\\/hiking-tours-luberon-gordes-villages#primaryimage\",\"url\":\"https:\\\/\\\/www.enrouteprovence.fr\\\/wp-content\\\/uploads\\\/2016\\\/01\\\/Colorado-3_1.jpg\",\"contentUrl\":\"https:\\\/\\\/www.enrouteprovence.fr\\\/wp-content\\\/uploads\\\/2016\\\/01\\\/Colorado-3_1.jpg\"},{\"@type\":\"BreadcrumbList\",\"@id\":\"https:\\\/\\\/www.enrouteprovence.fr\\\/hiking-walking-tours-provence-france\\\/regions\\\/hiking-tours-luberon-gordes-villages#breadcrumb\",\"itemListElement\":[{\"@type\":\"ListItem\",\"position\":1,\"name\":\"Home\",\"item\":\"https:\\\/\\\/www.enrouteprovence.fr\\\/hiking-walking-tours-provence-france\\\/fr\"},{\"@type\":\"ListItem\",\"position\":2,\"name\":\"R\u00e9gions\",\"item\":\"https:\\\/\\\/www.enrouteprovence.fr\\\/hiking-walking-tours-provence-france\\\/fr\\\/regions\"},{\"@type\":\"ListItem\",\"position\":3,\"name\":\"Le Luberon\"}]},{\"@type\":\"WebSite\",\"@id\":\"https:\\\/\\\/www.enrouteprovence.fr\\\/hiking-walking-tours-provence-france\\\/#website\",\"url\":\"https:\\\/\\\/www.enrouteprovence.fr\\\/hiking-walking-tours-provence-france\\\/\",\"name\":\"En route Provence\",\"description\":\"Walking Provence with a local guide\",\"publisher\":{\"@id\":\"https:\\\/\\\/www.enrouteprovence.fr\\\/hiking-walking-tours-provence-france\\\/#\\\/schema\\\/person\\\/af05f7bb993f95aa77136a6845e974d1\"},\"potentialAction\":[{\"@type\":\"SearchAction\",\"target\":{\"@type\":\"EntryPoint\",\"urlTemplate\":\"https:\\\/\\\/www.enrouteprovence.fr\\\/hiking-walking-tours-provence-france\\\/?s={search_term_string}\"},\"query-input\":{\"@type\":\"PropertyValueSpecification\",\"valueRequired\":true,\"valueName\":\"search_term_string\"}}],\"inLanguage\":\"fr-FR\"},{\"@type\":[\"Person\",\"Organization\"],\"@id\":\"https:\\\/\\\/www.enrouteprovence.fr\\\/hiking-walking-tours-provence-france\\\/#\\\/schema\\\/person\\\/af05f7bb993f95aa77136a6845e974d1\",\"name\":\"jean-bernard-jb\",\"image\":{\"@type\":\"ImageObject\",\"inLanguage\":\"fr-FR\",\"@id\":\"https:\\\/\\\/secure.gravatar.com\\\/avatar\\\/25948e7e644d7187247bba1791838724eaccec85389611bf578fb1d316dab3d9?s=96&d=mm&r=g\",\"url\":\"https:\\\/\\\/secure.gravatar.com\\\/avatar\\\/25948e7e644d7187247bba1791838724eaccec85389611bf578fb1d316dab3d9?s=96&d=mm&r=g\",\"contentUrl\":\"https:\\\/\\\/secure.gravatar.com\\\/avatar\\\/25948e7e644d7187247bba1791838724eaccec85389611bf578fb1d316dab3d9?s=96&d=mm&r=g\",\"caption\":\"jean-bernard-jb\"},\"logo\":{\"@id\":\"https:\\\/\\\/secure.gravatar.com\\\/avatar\\\/25948e7e644d7187247bba1791838724eaccec85389611bf578fb1d316dab3d9?s=96&d=mm&r=g\"}}]}<\/script>\n<!-- \/ Yoast SEO plugin. -->","yoast_head_json":{"title":"Le Luberon | En route Provence","description":"Come and discover Provence's outdoors on foot, escorted by a local walking guide, and get the most of its multiple faces : the pretty Provence towns and villages, from Gordes, Roussillon, St-Tropez, Vence or Bormes les Mimosas to St Remy or Les Baux de Provence, lush vineyards, colorful countryside and bright rugged landscapes like those of the Calanques National Park. Whatever your plan: the best of day trips from Nice or Marseille, a daily walk over one week in the Luberon or just the ascent of Mont Ventoux or Sainte-Victoire, we can provide you our experience and knowledge.","robots":{"index":"index","follow":"follow","max-snippet":"max-snippet:-1","max-image-preview":"max-image-preview:large","max-video-preview":"max-video-preview:-1"},"canonical":"https:\/\/www.enrouteprovence.fr\/hiking-walking-tours-provence-france\/regions\/hiking-tours-luberon-gordes-villages","og_locale":"fr_FR","og_type":"article","og_title":"Le Luberon | En route Provence","og_description":"Come and discover Provence's outdoors on foot, escorted by a local walking guide, and get the most of its multiple faces : the pretty Provence towns and villages, from Gordes, Roussillon, St-Tropez, Vence or Bormes les Mimosas to St Remy or Les Baux de Provence, lush vineyards, colorful countryside and bright rugged landscapes like those of the Calanques National Park. Whatever your plan: the best of day trips from Nice or Marseille, a daily walk over one week in the Luberon or just the ascent of Mont Ventoux or Sainte-Victoire, we can provide you our experience and knowledge.","og_url":"https:\/\/www.enrouteprovence.fr\/hiking-walking-tours-provence-france\/regions\/hiking-tours-luberon-gordes-villages","og_site_name":"En route Provence","article_modified_time":"2023-04-02T06:41:25+00:00","og_image":[{"url":"https:\/\/www.enrouteprovence.fr\/wp-content\/uploads\/2016\/01\/Colorado-3_1.jpg","type":"","width":"","height":""}],"twitter_card":"summary_large_image","twitter_misc":{"Dur\u00e9e de lecture estim\u00e9e":"6 minutes"},"schema":{"@context":"https:\/\/schema.org","@graph":[{"@type":"WebPage","@id":"https:\/\/www.enrouteprovence.fr\/hiking-walking-tours-provence-france\/regions\/hiking-tours-luberon-gordes-villages","url":"https:\/\/www.enrouteprovence.fr\/hiking-walking-tours-provence-france\/regions\/hiking-tours-luberon-gordes-villages","name":"Le Luberon | En route Provence","isPartOf":{"@id":"https:\/\/www.enrouteprovence.fr\/hiking-walking-tours-provence-france\/#website"},"primaryImageOfPage":{"@id":"https:\/\/www.enrouteprovence.fr\/hiking-walking-tours-provence-france\/regions\/hiking-tours-luberon-gordes-villages#primaryimage"},"image":{"@id":"https:\/\/www.enrouteprovence.fr\/hiking-walking-tours-provence-france\/regions\/hiking-tours-luberon-gordes-villages#primaryimage"},"thumbnailUrl":"https:\/\/www.enrouteprovence.fr\/wp-content\/uploads\/2016\/01\/Colorado-3_1.jpg","datePublished":"2016-01-20T14:35:57+00:00","dateModified":"2023-04-02T06:41:25+00:00","description":"Come and discover Provence's outdoors on foot, escorted by a local walking guide, and get the most of its multiple faces : the pretty Provence towns and villages, from Gordes, Roussillon, St-Tropez, Vence or Bormes les Mimosas to St Remy or Les Baux de Provence, lush vineyards, colorful countryside and bright rugged landscapes like those of the Calanques National Park. Whatever your plan: the best of day trips from Nice or Marseille, a daily walk over one week in the Luberon or just the ascent of Mont Ventoux or Sainte-Victoire, we can provide you our experience and knowledge.","breadcrumb":{"@id":"https:\/\/www.enrouteprovence.fr\/hiking-walking-tours-provence-france\/regions\/hiking-tours-luberon-gordes-villages#breadcrumb"},"inLanguage":"fr-FR","potentialAction":[{"@type":"ReadAction","target":["https:\/\/www.enrouteprovence.fr\/hiking-walking-tours-provence-france\/regions\/hiking-tours-luberon-gordes-villages"]}]},{"@type":"ImageObject","inLanguage":"fr-FR","@id":"https:\/\/www.enrouteprovence.fr\/hiking-walking-tours-provence-france\/regions\/hiking-tours-luberon-gordes-villages#primaryimage","url":"https:\/\/www.enrouteprovence.fr\/wp-content\/uploads\/2016\/01\/Colorado-3_1.jpg","contentUrl":"https:\/\/www.enrouteprovence.fr\/wp-content\/uploads\/2016\/01\/Colorado-3_1.jpg"},{"@type":"BreadcrumbList","@id":"https:\/\/www.enrouteprovence.fr\/hiking-walking-tours-provence-france\/regions\/hiking-tours-luberon-gordes-villages#breadcrumb","itemListElement":[{"@type":"ListItem","position":1,"name":"Home","item":"https:\/\/www.enrouteprovence.fr\/hiking-walking-tours-provence-france\/fr"},{"@type":"ListItem","position":2,"name":"R\u00e9gions","item":"https:\/\/www.enrouteprovence.fr\/hiking-walking-tours-provence-france\/fr\/regions"},{"@type":"ListItem","position":3,"name":"Le Luberon"}]},{"@type":"WebSite","@id":"https:\/\/www.enrouteprovence.fr\/hiking-walking-tours-provence-france\/#website","url":"https:\/\/www.enrouteprovence.fr\/hiking-walking-tours-provence-france\/","name":"En route Provence","description":"Walking Provence with a local guide","publisher":{"@id":"https:\/\/www.enrouteprovence.fr\/hiking-walking-tours-provence-france\/#\/schema\/person\/af05f7bb993f95aa77136a6845e974d1"},"potentialAction":[{"@type":"SearchAction","target":{"@type":"EntryPoint","urlTemplate":"https:\/\/www.enrouteprovence.fr\/hiking-walking-tours-provence-france\/?s={search_term_string}"},"query-input":{"@type":"PropertyValueSpecification","valueRequired":true,"valueName":"search_term_string"}}],"inLanguage":"fr-FR"},{"@type":["Person","Organization"],"@id":"https:\/\/www.enrouteprovence.fr\/hiking-walking-tours-provence-france\/#\/schema\/person\/af05f7bb993f95aa77136a6845e974d1","name":"jean-bernard-jb","image":{"@type":"ImageObject","inLanguage":"fr-FR","@id":"https:\/\/secure.gravatar.com\/avatar\/25948e7e644d7187247bba1791838724eaccec85389611bf578fb1d316dab3d9?s=96&d=mm&r=g","url":"https:\/\/secure.gravatar.com\/avatar\/25948e7e644d7187247bba1791838724eaccec85389611bf578fb1d316dab3d9?s=96&d=mm&r=g","contentUrl":"https:\/\/secure.gravatar.com\/avatar\/25948e7e644d7187247bba1791838724eaccec85389611bf578fb1d316dab3d9?s=96&d=mm&r=g","caption":"jean-bernard-jb"},"logo":{"@id":"https:\/\/secure.gravatar.com\/avatar\/25948e7e644d7187247bba1791838724eaccec85389611bf578fb1d316dab3d9?s=96&d=mm&r=g"}}]}},"_links":{"self":[{"href":"https:\/\/www.enrouteprovence.fr\/hiking-walking-tours-provence-france\/fr\/wp-json\/wp\/v2\/pages\/76","targetHints":{"allow":["GET"]}}],"collection":[{"href":"https:\/\/www.enrouteprovence.fr\/hiking-walking-tours-provence-france\/fr\/wp-json\/wp\/v2\/pages"}],"about":[{"href":"https:\/\/www.enrouteprovence.fr\/hiking-walking-tours-provence-france\/fr\/wp-json\/wp\/v2\/types\/page"}],"author":[{"embeddable":true,"href":"https:\/\/www.enrouteprovence.fr\/hiking-walking-tours-provence-france\/fr\/wp-json\/wp\/v2\/users\/1"}],"replies":[{"embeddable":true,"href":"https:\/\/www.enrouteprovence.fr\/hiking-walking-tours-provence-france\/fr\/wp-json\/wp\/v2\/comments?post=76"}],"version-history":[{"count":34,"href":"https:\/\/www.enrouteprovence.fr\/hiking-walking-tours-provence-france\/fr\/wp-json\/wp\/v2\/pages\/76\/revisions"}],"predecessor-version":[{"id":14660,"href":"https:\/\/www.enrouteprovence.fr\/hiking-walking-tours-provence-france\/fr\/wp-json\/wp\/v2\/pages\/76\/revisions\/14660"}],"up":[{"embeddable":true,"href":"https:\/\/www.enrouteprovence.fr\/hiking-walking-tours-provence-france\/fr\/wp-json\/wp\/v2\/pages\/43"}],"wp:attachment":[{"href":"https:\/\/www.enrouteprovence.fr\/hiking-walking-tours-provence-france\/fr\/wp-json\/wp\/v2\/media?parent=76"}],"curies":[{"name":"wp","href":"https:\/\/api.w.org\/{rel}","templated":true}]}}